{"id":62,"date":"2017-09-28T22:25:20","date_gmt":"2017-09-28T22:25:20","guid":{"rendered":"http:\/\/choriosa.ch\/?page_id=62"},"modified":"2026-04-14T20:48:09","modified_gmt":"2026-04-14T20:48:09","slug":"chor","status":"publish","type":"page","link":"https:\/\/choriosa.ch\/?page_id=62","title":{"rendered":"Unser Chor"},"content":{"rendered":"<div id=\"pl-62\"  class=\"panel-layout\" ><div id=\"pg-62-0\"  class=\"panel-grid panel-no-style\" ><div id=\"pgc-62-0-0\"  class=\"panel-grid-cell panel-grid-cell-empty\" ><\/div><div id=\"pgc-62-0-1\"  class=\"panel-grid-cell\" ><div id=\"panel-62-0-1-0\" class=\"so-panel widget widget_sow-editor panel-first-child panel-last-child\" data-index=\"0\" ><div\n\t\t\t\n\t\t\tclass=\"so-widget-sow-editor so-widget-sow-editor-base\"\n\t\t\t\n\t\t>\n<div class=\"siteorigin-widget-tinymce textwidget\">\n\t<div id=\"content-side\" class=\"side\">\n<div id=\"content-side2\" class=\"side2\">\n<div class=\"container-content\">\n<div id=\"content-content\">\n<div id=\"content-content-inner\" class=\"container-content-inner\">\n<div id=\"widget-31064911-7a43-e643-f2de-95ac9244ba62\" class=\"widget widget-pagecontent \">\n<div class=\"widget-content\">\n<div id=\"widget-9dc9e0be-44c4-4a4f-8fe4-ee6eea4d5be4\" class=\"widget widget-text \">\n<div class=\"widget-content\">\n<p><span style=\"color: #000000;\"><strong>Choriosa Basel \u2013 Vielseitigkeit ist unser Programm<\/strong><\/span><\/p>\n<p>Choriosa Basel ist ein Ensemble von 32 S\u00e4nger:innen mit Chorerfahrung. Sie realisieren regelm\u00e4ssig neue Projekte in bewusst unterschiedlichen Musikstilen: Von der Renaissance, Klassik \u00fcber die Romantik bis hin zu Neuer Musik, von Pop bis Jazz, vom gregorianischen Choral bis zu Volksliedern.<\/p>\n<\/div>\n<\/div>\n<\/div>\n<\/div>\n<\/div>\n<\/div>\n<\/div>\n<\/div>\n<\/div>\n<\/div>\n<\/div><\/div><\/div><div id=\"pgc-62-0-2\"  class=\"panel-grid-cell\" ><div id=\"panel-62-0-2-0\" class=\"so-panel widget widget_sow-image panel-first-child panel-last-child\" data-index=\"1\" ><div\n\t\t\t\n\t\t\tclass=\"so-widget-sow-image so-widget-sow-image-default-d6014b76747a-62\"\n\t\t\t\n\t\t>\n\n<div class=\"sow-image-container\">\n\t\t\t<a href=\"http:\/\/choriosa.ch\/wp-content\/uploads\/2017\/09\/Choriosa_0015.jpg\"\n\t\t\ttarget=\"_blank\" rel=\"noopener noreferrer\" \t\t>\n\t\t\t<img decoding=\"async\" src=\"https:\/\/choriosa.ch\/wp-content\/uploads\/2017\/09\/Choriosa_0015.jpg\" width=\"7087\" height=\"4725\" srcset=\"https:\/\/choriosa.ch\/wp-content\/uploads\/2017\/09\/Choriosa_0015.jpg 7087w, https:\/\/choriosa.ch\/wp-content\/uploads\/2017\/09\/Choriosa_0015-300x200.jpg 300w, https:\/\/choriosa.ch\/wp-content\/uploads\/2017\/09\/Choriosa_0015-768x512.jpg 768w, https:\/\/choriosa.ch\/wp-content\/uploads\/2017\/09\/Choriosa_0015-1024x683.jpg 1024w, https:\/\/choriosa.ch\/wp-content\/uploads\/2017\/09\/Choriosa_0015-272x182.jpg 272w\" sizes=\"auto, (max-width: 7087px) 100vw, 7087px\" title=\"CHORIOSA, BASEL, 6. MAI 2023. (FOTO: GEORGIOS KEFALAS)\" alt=\"\" loading=\"lazy\" \t\tclass=\"so-widget-image\"\/>\n\t<\/a><\/div>\n\n<\/div><\/div><\/div><\/div><div id=\"pg-62-1\"  class=\"panel-grid panel-has-style\" ><div class=\"panel-row-style panel-row-style-for-62-1\" ><div id=\"pgc-62-1-0\"  class=\"panel-grid-cell\" ><div id=\"panel-62-1-0-0\" class=\"so-panel widget widget_sow-editor panel-first-child panel-last-child\" data-index=\"2\" ><div\n\t\t\t\n\t\t\tclass=\"so-widget-sow-editor so-widget-sow-editor-base\"\n\t\t\t\n\t\t>\n<div class=\"siteorigin-widget-tinymce textwidget\">\n\t<p><span style=\"color: #000000;\"><strong>Probenlokal<\/strong><\/span><\/p>\n<\/div>\n<\/div><\/div><\/div><div id=\"pgc-62-1-1\"  class=\"panel-grid-cell panel-grid-cell-mobile-last\" ><div id=\"panel-62-1-1-0\" class=\"so-panel widget widget_sow-editor panel-first-child panel-last-child\" data-index=\"3\" ><div\n\t\t\t\n\t\t\tclass=\"so-widget-sow-editor so-widget-sow-editor-base\"\n\t\t\t\n\t\t>\n<div class=\"siteorigin-widget-tinymce textwidget\">\n\t<p><span style=\"color: #000000;\">Aula Primarschule Bl\u00e4si im Kleinbasel: M\u00fcllheimerstrasse 94, 4057 Basel<\/span><\/p>\n<\/div>\n<\/div><\/div><\/div><div id=\"pgc-62-1-2\"  class=\"panel-grid-cell panel-grid-cell-empty\" ><\/div><\/div><\/div><div id=\"pg-62-2\"  class=\"panel-grid panel-has-style\" ><div class=\"panel-row-style panel-row-style-for-62-2\" ><div id=\"pgc-62-2-0\"  class=\"panel-grid-cell\" ><div id=\"panel-62-2-0-0\" class=\"so-panel widget widget_sow-editor panel-first-child panel-last-child\" data-index=\"4\" ><div\n\t\t\t\n\t\t\tclass=\"so-widget-sow-editor so-widget-sow-editor-base\"\n\t\t\t\n\t\t>\n<div class=\"siteorigin-widget-tinymce textwidget\">\n\t<p><span style=\"color: #000000;\"><strong>Probezeiten<\/strong><\/span><\/p>\n<\/div>\n<\/div><\/div><\/div><div id=\"pgc-62-2-1\"  class=\"panel-grid-cell panel-grid-cell-mobile-last\" ><div id=\"panel-62-2-1-0\" class=\"so-panel widget widget_sow-editor panel-first-child panel-last-child\" data-index=\"5\" ><div\n\t\t\t\n\t\t\tclass=\"so-widget-sow-editor so-widget-sow-editor-base\"\n\t\t\t\n\t\t>\n<div class=\"siteorigin-widget-tinymce textwidget\">\n\t<p><span style=\"color: #000000;\">Jeweils am Donnerstag von 19.30h bis 21.30h.<\/span><br \/>\n<span style=\"color: #000000;\">W\u00e4hrend der Schulferien finden keine Proben statt.<\/span><br \/>\n<span style=\"color: #000000;\">Zus\u00e4tzliche Proben an 2-3 Wochenenden pro Jahr.<\/span><\/p>\n<p>&nbsp;<\/p>\n<\/div>\n<\/div><\/div><\/div><div id=\"pgc-62-2-2\"  class=\"panel-grid-cell panel-grid-cell-empty\" ><\/div><\/div><\/div><div id=\"pg-62-3\"  class=\"panel-grid panel-has-style\" ><div class=\"panel-row-style panel-row-style-for-62-3\" ><div id=\"pgc-62-3-0\"  class=\"panel-grid-cell\" ><div id=\"panel-62-3-0-0\" class=\"so-panel widget widget_sow-editor panel-first-child panel-last-child\" data-index=\"6\" ><div\n\t\t\t\n\t\t\tclass=\"so-widget-sow-editor so-widget-sow-editor-base\"\n\t\t\t\n\t\t>\n<div class=\"siteorigin-widget-tinymce textwidget\">\n\t<p><span style=\"color: #000000;\"><strong>Wir suchen<br \/>\nChors\u00e4nger'innen<\/strong><\/span><\/p>\n<\/div>\n<\/div><\/div><\/div><div id=\"pgc-62-3-1\"  class=\"panel-grid-cell panel-grid-cell-mobile-last\" ><div id=\"panel-62-3-1-0\" class=\"so-panel widget widget_sow-editor panel-first-child panel-last-child\" data-index=\"7\" ><div\n\t\t\t\n\t\t\tclass=\"so-widget-sow-editor so-widget-sow-editor-base\"\n\t\t\t\n\t\t>\n<div class=\"siteorigin-widget-tinymce textwidget\">\n\t<p style=\"font-weight: 400;\">Hast du Freude am Singen? Und m\u00f6chtest bei Choriosa mit dabei sein?<br \/>\nWir freuen uns \u00fcber Neumitglieder aller Stimmlagen, ganz besonders \u00fcber M\u00e4nnerstimmen. Melde dich bei uns f\u00fcr eine unverbindliche Schnupperprobe.<\/p>\n<p><span style=\"color: #000000;\">Meldet euch bei Interesse bitte \u00fcber das <a href=\"http:\/\/choriosa.ch\/?page_id=28\">Kontaktformular<\/a>. Wir freuen uns sehr auf euch!<\/span><\/p>\n<p>&nbsp;<\/p>\n<\/div>\n<\/div><\/div><\/div><div id=\"pgc-62-3-2\"  class=\"panel-grid-cell panel-grid-cell-empty\" ><\/div><\/div><\/div><\/div>","protected":false},"excerpt":{"rendered":"<p>Choriosa Basel \u2013 Vielseitigkeit ist unser Programm Choriosa Basel ist ein Ensemble von 32 S\u00e4nger:innen mit Chorerfahrung. Sie realisieren regelm\u00e4ssig neue Projekte in bewusst unterschiedlichen Musikstilen: Von der Renaissance, Klassik \u00fcber die Romantik bis hin zu Neuer Musik, von Pop<\/p>\n","protected":false},"author":1,"featured_media":0,"parent":52,"menu_order":0,"comment_status":"closed","ping_status":"closed","template":"","meta":{"footnotes":""},"class_list":["post-62","page","type-page","status-publish","hentry"],"_links":{"self":[{"href":"https:\/\/choriosa.ch\/index.php?rest_route=\/wp\/v2\/pages\/62","targetHints":{"allow":["GET"]}}],"collection":[{"href":"https:\/\/choriosa.ch\/index.php?rest_route=\/wp\/v2\/pages"}],"about":[{"href":"https:\/\/choriosa.ch\/index.php?rest_route=\/wp\/v2\/types\/page"}],"author":[{"embeddable":true,"href":"https:\/\/choriosa.ch\/index.php?rest_route=\/wp\/v2\/users\/1"}],"replies":[{"embeddable":true,"href":"https:\/\/choriosa.ch\/index.php?rest_route=%2Fwp%2Fv2%2Fcomments&post=62"}],"version-history":[{"count":131,"href":"https:\/\/choriosa.ch\/index.php?rest_route=\/wp\/v2\/pages\/62\/revisions"}],"predecessor-version":[{"id":3558,"href":"https:\/\/choriosa.ch\/index.php?rest_route=\/wp\/v2\/pages\/62\/revisions\/3558"}],"up":[{"embeddable":true,"href":"https:\/\/choriosa.ch\/index.php?rest_route=\/wp\/v2\/pages\/52"}],"wp:attachment":[{"href":"https:\/\/choriosa.ch\/index.php?rest_route=%2Fwp%2Fv2%2Fmedia&parent=62"}],"curies":[{"name":"wp","href":"https:\/\/api.w.org\/{rel}","templated":true}]}}