{"id":30,"date":"2017-09-28T22:05:58","date_gmt":"2017-09-28T22:05:58","guid":{"rendered":"http:\/\/choriosa.ch\/?page_id=30"},"modified":"2026-04-13T19:18:03","modified_gmt":"2026-04-13T19:18:03","slug":"archiv","status":"publish","type":"page","link":"https:\/\/choriosa.ch\/?page_id=30","title":{"rendered":"Archiv"},"content":{"rendered":"<div id=\"pl-30\"  class=\"panel-layout\" ><div id=\"pg-30-0\"  class=\"panel-grid panel-no-style\" ><div id=\"pgc-30-0-0\"  class=\"panel-grid-cell\" ><div id=\"panel-30-0-0-0\" class=\"so-panel widget widget_sow-editor panel-first-child panel-last-child\" data-index=\"0\" ><div\n\t\t\t\n\t\t\tclass=\"so-widget-sow-editor so-widget-sow-editor-base\"\n\t\t\t\n\t\t>\n<div class=\"siteorigin-widget-tinymce textwidget\">\n\t<p><span style=\"color: #000000;\"><strong><span class=\"Apple-style-span\">Lieeder &amp; Leckereien<\/span><\/strong><\/span><\/p>\n<p><span style=\"color: #000000;\">Mai 2025<\/span><\/p>\n<\/div>\n<\/div><\/div><\/div><div id=\"pgc-30-0-1\"  class=\"panel-grid-cell\" ><div id=\"panel-30-0-1-0\" class=\"so-panel widget widget_sow-editor panel-first-child panel-last-child\" data-index=\"1\" ><div class=\"panel-widget-style panel-widget-style-for-30-0-1-0\" ><div\n\t\t\t\n\t\t\tclass=\"so-widget-sow-editor so-widget-sow-editor-base\"\n\t\t\t\n\t\t>\n<div class=\"siteorigin-widget-tinymce textwidget\">\n\t<p class=\"mb-0\"><span class=\"details-author-name d-block\"><span class=\"details-work-name d-block\"><strong>Choriosa tischt auf - Lieder &amp; Leckereien<\/strong><\/span><\/span><\/p>\nmit dem Kleinbasler Kammerchor und SoNett\n\nSamstag<strong> 24. Mai 2025<\/strong>, 18.45h\n\nLeitung: <b>Yves Neuhaus\n<\/b>\n\n<strong>Ort<\/strong>: kath. Kirchgemeindezentrum Binningen (Margarethenstrasse 32)\n\n<strong>Kollekte<\/strong>\n<p style=\"line-height: 2; text-align: left;\"><span style=\"color: #ffffff;\">k<\/span><\/p>\n<p style=\"font-size: 0.7em; text-align: left;\">Gestaltung Flyer: Margarete Polus<\/p><\/div>\n<\/div><\/div><\/div><\/div><div id=\"pgc-30-0-2\"  class=\"panel-grid-cell\" ><div id=\"panel-30-0-2-0\" class=\"so-panel widget widget_sow-image panel-first-child panel-last-child\" data-index=\"2\" ><div class=\"panel-widget-style panel-widget-style-for-30-0-2-0\" ><div\n\t\t\t\n\t\t\tclass=\"so-widget-sow-image so-widget-sow-image-default-72463164d13f-30\"\n\t\t\t\n\t\t>\n\n<div class=\"sow-image-container\">\n\t\t<img decoding=\"async\" src=\"https:\/\/choriosa.ch\/wp-content\/uploads\/2017\/09\/20250418_FlyerMenueChoriosa2_klein.jpg\" width=\"1443\" height=\"2048\" srcset=\"https:\/\/choriosa.ch\/wp-content\/uploads\/2017\/09\/20250418_FlyerMenueChoriosa2_klein.jpg 1443w, https:\/\/choriosa.ch\/wp-content\/uploads\/2017\/09\/20250418_FlyerMenueChoriosa2_klein-211x300.jpg 211w, https:\/\/choriosa.ch\/wp-content\/uploads\/2017\/09\/20250418_FlyerMenueChoriosa2_klein-768x1090.jpg 768w, https:\/\/choriosa.ch\/wp-content\/uploads\/2017\/09\/20250418_FlyerMenueChoriosa2_klein-722x1024.jpg 722w\" sizes=\"auto, (max-width: 1443px) 100vw, 1443px\" alt=\"\" rel=\"Gestaltung Flyer: Margarete Polus\" loading=\"lazy\" \t\tclass=\"so-widget-image\"\/>\n\t<\/div>\n\n<\/div><\/div><\/div><\/div><\/div><div id=\"pg-30-1\"  class=\"panel-grid panel-no-style\" ><div id=\"pgc-30-1-0\"  class=\"panel-grid-cell\" ><div id=\"panel-30-1-0-0\" class=\"so-panel widget widget_sow-editor panel-first-child panel-last-child\" data-index=\"3\" ><div\n\t\t\t\n\t\t\tclass=\"so-widget-sow-editor so-widget-sow-editor-base\"\n\t\t\t\n\t\t>\n<div class=\"siteorigin-widget-tinymce textwidget\">\n\t<p><strong><span class=\"Apple-style-span\">Max &amp; Moritz<\/span><\/strong><\/p>\n<p>September 2024<\/p>\n<\/div>\n<\/div><\/div><\/div><div id=\"pgc-30-1-1\"  class=\"panel-grid-cell\" ><div id=\"panel-30-1-1-0\" class=\"so-panel widget widget_sow-editor panel-first-child panel-last-child\" data-index=\"4\" ><div\n\t\t\t\n\t\t\tclass=\"so-widget-sow-editor so-widget-sow-editor-base\"\n\t\t\t\n\t\t>\n<div class=\"siteorigin-widget-tinymce textwidget\">\n\t<p class=\"mb-0\"><span class=\"details-author-name d-block\"><span class=\"details-work-name d-block\"><strong>Max und Moritz<\/strong>,\u00a0<\/span>Siegfried Strohbach<\/span><\/p>\nKantate in sieben Streichen auf Texte von<strong>\u00a0Wilhelm Busch<\/strong>\n\nSamstag\u00a0<strong>21. September 2024<\/strong>, 20h,\u00a0<a href=\"https:\/\/www.google.ch\/maps\/place\/launchlabs+(Schweiz)+GmbH\/@47.5412422,7.5919388,1727m\/data=!3m1!1e3!4m6!3m5!1s0x4791b845fde9f14d:0x272c16cb9c1608e3!8m2!3d47.5413362!4d7.5933435!16s%2Fg%2F1ptwpp2dd?entry=ttu\" target=\"_blank\" rel=\"noopener\">Launchlabs Basel<\/a>\n\nSonntag<strong>\u00a022. September 2024<\/strong>, 17h,\u00a0<a href=\"https:\/\/www.google.ch\/maps\/place\/launchlabs+(Schweiz)+GmbH\/@47.5412422,7.5919388,1727m\/data=!3m1!1e3!4m6!3m5!1s0x4791b845fde9f14d:0x272c16cb9c1608e3!8m2!3d47.5413362!4d7.5933435!16s%2Fg%2F1ptwpp2dd?entry=ttu\" target=\"_blank\" rel=\"noopener\">Launchlabs Basel<\/a>\n\nLeitung:\u00a0<b>Yves Neuhaus<\/b>\n\n<p style=\"line-height: 2; text-align: left;\"><span style=\"color: #ffffff;\">k<\/span><\/p>\n<p style=\"font-size: 0.7em; text-align: left;\">Gestaltung Flyer: Margarete Polus<\/p>\n<p style=\"line-height: 2; text-align: left;\"><span style=\"color: #ffffff;\">k<\/span><\/p>\n\n<strong>Konzertfilm<\/strong> von Georgios Kefalas:\n\n<iframe loading=\"lazy\" title=\"YouTube video player\" src=\"https:\/\/www.youtube.com\/embed\/GpPcEV1_ISw?si=knD_cEKI5n9bCYRx\" width=\"560\" height=\"315\" frameborder=\"0\" allowfullscreen=\"allowfullscreen\"><\/iframe><\/div>\n<\/div><\/div><\/div><div id=\"pgc-30-1-2\"  class=\"panel-grid-cell\" ><div id=\"panel-30-1-2-0\" class=\"so-panel widget widget_sow-image panel-first-child panel-last-child\" data-index=\"5\" ><div\n\t\t\t\n\t\t\tclass=\"so-widget-sow-image so-widget-sow-image-default-72463164d13f-30\"\n\t\t\t\n\t\t>\n\n<div class=\"sow-image-container\">\n\t\t<img decoding=\"async\" src=\"https:\/\/choriosa.ch\/wp-content\/uploads\/2024\/08\/Plakat-A5MuM-digital.jpg\" width=\"682\" height=\"956\" srcset=\"https:\/\/choriosa.ch\/wp-content\/uploads\/2024\/08\/Plakat-A5MuM-digital.jpg 682w, https:\/\/choriosa.ch\/wp-content\/uploads\/2024\/08\/Plakat-A5MuM-digital-214x300.jpg 214w\" sizes=\"auto, (max-width: 682px) 100vw, 682px\" alt=\"\" loading=\"lazy\" \t\tclass=\"so-widget-image\"\/>\n\t<\/div>\n\n<\/div><\/div><\/div><\/div><div id=\"pg-30-2\"  class=\"panel-grid panel-no-style\" ><div id=\"pgc-30-2-0\"  class=\"panel-grid-cell\" ><div id=\"panel-30-2-0-0\" class=\"so-panel widget widget_sow-editor panel-first-child panel-last-child\" data-index=\"6\" ><div\n\t\t\t\n\t\t\tclass=\"so-widget-sow-editor so-widget-sow-editor-base\"\n\t\t\t\n\t\t>\n<div class=\"siteorigin-widget-tinymce textwidget\">\n\t<p><strong><span class=\"Apple-style-span\">Adventskonzert<\/span><\/strong><\/p>\n<p>Dezember 2023<\/p>\n<\/div>\n<\/div><\/div><\/div><div id=\"pgc-30-2-1\"  class=\"panel-grid-cell\" ><div id=\"panel-30-2-1-0\" class=\"so-panel widget widget_sow-editor panel-first-child panel-last-child\" data-index=\"7\" ><div\n\t\t\t\n\t\t\tclass=\"so-widget-sow-editor so-widget-sow-editor-base\"\n\t\t\t\n\t\t>\n<div class=\"siteorigin-widget-tinymce textwidget\">\n\t<p>Gottesdienst-Konzert zum\u00a0<strong>1. Advent<\/strong><\/p>\n<p class=\"mb-0\"><span class=\"details-author-name d-block\"><span class=\"details-work-name d-block\"><strong>Missa Tempore Quadragesimae<\/strong>,\u00a0<\/span>Johann Michael Haydn<\/span><\/p>\n<p>Sonntag<strong>\u00a03. Dezember 2023<\/strong>, 17.30h<\/p>\n<p><strong>Theresienkirche<\/strong>\u00a0Allschwil<\/p>\n<p>Leitung:\u00a0<b>Yves Neuhaus<\/b><\/p>\n<p style=\"line-height: 2; text-align: left;\"><span style=\"color: #ffffff;\">k<\/span><\/p>\n<p style=\"font-size: 0.7em; text-align: left;\">Gestaltung Flyer: Margarete Polus<\/p>\n<\/div>\n<\/div><\/div><\/div><div id=\"pgc-30-2-2\"  class=\"panel-grid-cell\" ><div id=\"panel-30-2-2-0\" class=\"so-panel widget widget_sow-image panel-first-child panel-last-child\" data-index=\"8\" ><div\n\t\t\t\n\t\t\tclass=\"so-widget-sow-image so-widget-sow-image-default-72463164d13f-30\"\n\t\t\t\n\t\t>\n\n<div class=\"sow-image-container\">\n\t\t<img decoding=\"async\" src=\"https:\/\/choriosa.ch\/wp-content\/uploads\/2017\/09\/Choriosa_Messe_1Advent-2023.jpg\" width=\"1749\" height=\"2481\" srcset=\"https:\/\/choriosa.ch\/wp-content\/uploads\/2017\/09\/Choriosa_Messe_1Advent-2023.jpg 1749w, https:\/\/choriosa.ch\/wp-content\/uploads\/2017\/09\/Choriosa_Messe_1Advent-2023-211x300.jpg 211w, https:\/\/choriosa.ch\/wp-content\/uploads\/2017\/09\/Choriosa_Messe_1Advent-2023-768x1089.jpg 768w, https:\/\/choriosa.ch\/wp-content\/uploads\/2017\/09\/Choriosa_Messe_1Advent-2023-722x1024.jpg 722w\" sizes=\"auto, (max-width: 1749px) 100vw, 1749px\" alt=\"\" loading=\"lazy\" \t\tclass=\"so-widget-image\"\/>\n\t<\/div>\n\n<\/div><\/div><\/div><\/div><div id=\"pg-30-3\"  class=\"panel-grid panel-no-style\" ><div id=\"pgc-30-3-0\"  class=\"panel-grid-cell\" ><div id=\"panel-30-3-0-0\" class=\"so-panel widget widget_sow-editor panel-first-child panel-last-child\" data-index=\"9\" ><div\n\t\t\t\n\t\t\tclass=\"so-widget-sow-editor so-widget-sow-editor-base\"\n\t\t\t\n\t\t>\n<div class=\"siteorigin-widget-tinymce textwidget\">\n\t<p><strong><span class=\"Apple-style-span\">Wunschkonzert<\/span><\/strong><\/p>\n<p>Juni 2023<\/p>\n<\/div>\n<\/div><\/div><\/div><div id=\"pgc-30-3-1\"  class=\"panel-grid-cell\" ><div id=\"panel-30-3-1-0\" class=\"so-panel widget widget_sow-editor panel-first-child panel-last-child\" data-index=\"10\" ><div\n\t\t\t\n\t\t\tclass=\"so-widget-sow-editor so-widget-sow-editor-base\"\n\t\t\t\n\t\t>\n<div class=\"siteorigin-widget-tinymce textwidget\">\n\t<strong>Wunschkonzert\u00a0<\/strong>Choriosa 2023<strong style=\"font-style: inherit;\">\u00a0\u00abon air\u00bb<\/strong>\n\nSamstag\u00a0<strong style=\"font-style: inherit;\">10. Juni 2023<\/strong>, 20h\n\nSonntag<strong style=\"font-style: inherit;\">\u00a011. Juni 2023<\/strong>, 17h\n\n<strong style=\"font-style: inherit;\">Tobias R\u00fctti<\/strong>, Klavier\n<strong style=\"font-style: inherit;\">Philippe Gerber<\/strong>,\u00a0Radiostimme\n\nLeitung:\u00a0<strong>Yves Neuhaus<\/strong>\n\n<a href=\"http:\/\/choriosa.ch\/wp-content\/uploads\/2023\/04\/2023_Choriosa-on-air_aktuell.pdf\" target=\"_blank\" rel=\"noopener\">Flyer<\/a>\u00a0&amp;\u00a0<a href=\"http:\/\/choriosa.ch\/wp-content\/uploads\/2023\/09\/Programmheft-OnAir-Web.pdf\" target=\"_blank\" rel=\"noopener\">Programmheft<\/a>\n<p style=\"line-height: 2; text-align: left;\"><span style=\"color: #ffffff;\">k<\/span><\/p>\n<p style=\"font-size: 0.7em; text-align: left;\">Gestaltung Flyer: Margarete Polus<\/p><\/div>\n<\/div><\/div><\/div><div id=\"pgc-30-3-2\"  class=\"panel-grid-cell\" ><div id=\"panel-30-3-2-0\" class=\"so-panel widget widget_sow-image panel-first-child panel-last-child\" data-index=\"11\" ><div\n\t\t\t\n\t\t\tclass=\"so-widget-sow-image so-widget-sow-image-default-72463164d13f-30\"\n\t\t\t\n\t\t>\n\n<div class=\"sow-image-container\">\n\t\t<img decoding=\"async\" src=\"https:\/\/choriosa.ch\/wp-content\/uploads\/2023\/04\/2023_Choriosa-on-air.jpeg\" width=\"615\" height=\"873\" srcset=\"https:\/\/choriosa.ch\/wp-content\/uploads\/2023\/04\/2023_Choriosa-on-air.jpeg 615w, https:\/\/choriosa.ch\/wp-content\/uploads\/2023\/04\/2023_Choriosa-on-air-211x300.jpeg 211w\" sizes=\"auto, (max-width: 615px) 100vw, 615px\" alt=\"\" loading=\"lazy\" \t\tclass=\"so-widget-image\"\/>\n\t<\/div>\n\n<\/div><\/div><\/div><\/div><div id=\"pg-30-4\"  class=\"panel-grid panel-no-style\" ><div id=\"pgc-30-4-0\"  class=\"panel-grid-cell\" ><div id=\"panel-30-4-0-0\" class=\"so-panel widget widget_sow-editor panel-first-child panel-last-child\" data-index=\"12\" ><div\n\t\t\t\n\t\t\tclass=\"so-widget-sow-editor so-widget-sow-editor-base\"\n\t\t\t\n\t\t>\n<div class=\"siteorigin-widget-tinymce textwidget\">\n\t<p><strong><span class=\"Apple-style-span\">Konzertreise Verona<\/span><\/strong><\/p>\n<p>Juli 2022<\/p>\n<\/div>\n<\/div><\/div><\/div><div id=\"pgc-30-4-1\"  class=\"panel-grid-cell\" ><div id=\"panel-30-4-1-0\" class=\"so-panel widget widget_sow-editor panel-first-child\" data-index=\"13\" ><div\n\t\t\t\n\t\t\tclass=\"so-widget-sow-editor so-widget-sow-editor-base\"\n\t\t\t\n\t\t>\n<div class=\"siteorigin-widget-tinymce textwidget\">\n\t<p style=\"text-align: left;\">Choriosa kn\u00fcpft an seine europ\u00e4ische Festival-Tradition an<\/p>\n<p style=\"text-align: left;\">\u00a0<strong>Konzertreise<\/strong> vom 7. bis 11. Juli 2022<\/p>\n<\/div>\n<\/div><\/div><div id=\"panel-30-4-1-1\" class=\"so-panel widget widget_sow-image panel-last-child\" data-index=\"14\" ><div\n\t\t\t\n\t\t\tclass=\"so-widget-sow-image so-widget-sow-image-default-72463164d13f-30\"\n\t\t\t\n\t\t>\n\n<div class=\"sow-image-container\">\n\t\t<img decoding=\"async\" src=\"https:\/\/choriosa.ch\/wp-content\/uploads\/2017\/09\/20220707_Peschiera-del-Garda.jpg\" width=\"921\" height=\"768\" srcset=\"https:\/\/choriosa.ch\/wp-content\/uploads\/2017\/09\/20220707_Peschiera-del-Garda.jpg 921w, https:\/\/choriosa.ch\/wp-content\/uploads\/2017\/09\/20220707_Peschiera-del-Garda-300x250.jpg 300w, https:\/\/choriosa.ch\/wp-content\/uploads\/2017\/09\/20220707_Peschiera-del-Garda-768x640.jpg 768w\" sizes=\"auto, (max-width: 921px) 100vw, 921px\" title=\"20220707_Peschiera del Garda\" alt=\"\" loading=\"lazy\" \t\tclass=\"so-widget-image\"\/>\n\t<\/div>\n\n<\/div><\/div><\/div><div id=\"pgc-30-4-2\"  class=\"panel-grid-cell\" ><div id=\"panel-30-4-2-0\" class=\"so-panel widget widget_sow-image panel-first-child panel-last-child\" data-index=\"15\" ><div\n\t\t\t\n\t\t\tclass=\"so-widget-sow-image so-widget-sow-image-default-72463164d13f-30\"\n\t\t\t\n\t\t>\n\n<div class=\"sow-image-container\">\n\t\t<img decoding=\"async\" src=\"https:\/\/choriosa.ch\/wp-content\/uploads\/2021\/12\/verona2.jpg\" width=\"2400\" height=\"1350\" srcset=\"https:\/\/choriosa.ch\/wp-content\/uploads\/2021\/12\/verona2.jpg 2400w, https:\/\/choriosa.ch\/wp-content\/uploads\/2021\/12\/verona2-300x169.jpg 300w, https:\/\/choriosa.ch\/wp-content\/uploads\/2021\/12\/verona2-768x432.jpg 768w, https:\/\/choriosa.ch\/wp-content\/uploads\/2021\/12\/verona2-1024x576.jpg 1024w\" sizes=\"auto, (max-width: 2400px) 100vw, 2400px\" alt=\"\" loading=\"lazy\" \t\tclass=\"so-widget-image\"\/>\n\t<\/div>\n\n<\/div><\/div><\/div><\/div><div id=\"pg-30-5\"  class=\"panel-grid panel-no-style\" ><div id=\"pgc-30-5-0\"  class=\"panel-grid-cell\" ><div id=\"panel-30-5-0-0\" class=\"so-panel widget widget_sow-editor panel-first-child panel-last-child\" data-index=\"16\" ><div\n\t\t\t\n\t\t\tclass=\"so-widget-sow-editor so-widget-sow-editor-base\"\n\t\t\t\n\t\t>\n<div class=\"siteorigin-widget-tinymce textwidget\">\n\t<p><strong><span class=\"Apple-style-span\">Quattro Stazioni<br \/>\n<\/span><\/strong><\/p>\n<p>Juni 2022<\/p>\n<\/div>\n<\/div><\/div><\/div><div id=\"pgc-30-5-1\"  class=\"panel-grid-cell\" ><div id=\"panel-30-5-1-0\" class=\"so-panel widget widget_sow-editor panel-first-child panel-last-child\" data-index=\"17\" ><div\n\t\t\t\n\t\t\tclass=\"so-widget-sow-editor so-widget-sow-editor-base\"\n\t\t\t\n\t\t>\n<div class=\"siteorigin-widget-tinymce textwidget\">\n\t<p>Eine <strong>musikalische Reise<\/strong> durch die viersprachige <strong>Schweiz<\/strong>:<\/p>\n<p>&gt; Toggenburger Messe von Peter Roth \u201eJuchzed und singed\u201c<br \/>\n&gt; Lieder aus allen Sprachregionen<br \/>\n&gt; Instrumentale Begleitung<\/p>\n<p style=\"line-height: 1; text-align: left;\">Samstag <strong>25. Juni 2022, 20h<\/strong><\/p>\n<p style=\"line-height: 1; text-align: left;\">Sonntag <strong>26. Juni 2022, 17h<\/strong><\/p>\n<p style=\"line-height: 1; text-align: left;\">Ort:\u00a0Restaurant zur M\u00e4gd, Basel<\/p>\n<p style=\"text-align: left;\"><strong>Matthias W\u00fcrsch<\/strong> Hackbrett<br \/>\n<strong>Thierry Roggen<\/strong> Kontrabass<br \/>\n<strong>Miguel Pisonero<\/strong> Klavier<br \/>\n<strong>Etele Dosa<\/strong> 1.Klarinette<br \/>\n<strong>Michal Lewkowicz<\/strong> 2.Klarinette<\/p>\n<p style=\"text-align: left;\">Leitung: <strong>Christoph Prendl<\/strong><\/p>\n<p style=\"text-align: left;\"><a href=\"http:\/\/choriosa.ch\/wp-content\/uploads\/2022\/08\/20220608_Programmheft-4Stazioni.pdf\" target=\"_blank\" rel=\"noopener\">Programmheft<\/a><\/p>\n<p style=\"line-height: 2; text-align: left;\"><span style=\"color: #ffffff;\">k<\/span><\/p>\n<p style=\"font-size: 0.7em; text-align: left;\">Gestaltung Flyer &amp; Programmheft: Margarete Polus<\/p>\n<\/div>\n<\/div><\/div><\/div><div id=\"pgc-30-5-2\"  class=\"panel-grid-cell\" ><div id=\"panel-30-5-2-0\" class=\"so-panel widget widget_sow-image panel-first-child panel-last-child\" data-index=\"18\" ><div\n\t\t\t\n\t\t\tclass=\"so-widget-sow-image so-widget-sow-image-default-72463164d13f-30\"\n\t\t\t\n\t\t>\n\n<div class=\"sow-image-container\">\n\t\t<img decoding=\"async\" src=\"https:\/\/choriosa.ch\/wp-content\/uploads\/2017\/09\/Flyer-WEB_CH-Musik.jpg\" width=\"795\" height=\"1120\" srcset=\"https:\/\/choriosa.ch\/wp-content\/uploads\/2017\/09\/Flyer-WEB_CH-Musik.jpg 795w, https:\/\/choriosa.ch\/wp-content\/uploads\/2017\/09\/Flyer-WEB_CH-Musik-213x300.jpg 213w, https:\/\/choriosa.ch\/wp-content\/uploads\/2017\/09\/Flyer-WEB_CH-Musik-768x1082.jpg 768w, https:\/\/choriosa.ch\/wp-content\/uploads\/2017\/09\/Flyer-WEB_CH-Musik-727x1024.jpg 727w\" sizes=\"auto, (max-width: 795px) 100vw, 795px\" alt=\"\" loading=\"lazy\" \t\tclass=\"so-widget-image\"\/>\n\t<\/div>\n\n<\/div><\/div><\/div><\/div><div id=\"pg-30-6\"  class=\"panel-grid panel-no-style\" ><div id=\"pgc-30-6-0\"  class=\"panel-grid-cell\" ><div id=\"panel-30-6-0-0\" class=\"so-panel widget widget_sow-editor panel-first-child panel-last-child\" data-index=\"19\" ><div\n\t\t\t\n\t\t\tclass=\"so-widget-sow-editor so-widget-sow-editor-base\"\n\t\t\t\n\t\t>\n<div class=\"siteorigin-widget-tinymce textwidget\">\n\t<p><strong><span class=\"Apple-style-span\">Leonardo da Vinci<br \/>\n<\/span><\/strong><\/p>\n<p>Juni 2019<\/p>\n<\/div>\n<\/div><\/div><\/div><div id=\"pgc-30-6-1\"  class=\"panel-grid-cell\" ><div id=\"panel-30-6-1-0\" class=\"so-panel widget widget_sow-editor panel-first-child panel-last-child\" data-index=\"20\" ><div\n\t\t\t\n\t\t\tclass=\"so-widget-sow-editor so-widget-sow-editor-base\"\n\t\t\t\n\t\t>\n<div class=\"siteorigin-widget-tinymce textwidget\">\n\t<p style=\"line-height: 1.0; text-align: left;\"><strong>Eine musikalische Reise zum 500. Todesjahr von Leonardo da Vinci<\/strong><\/p>\n<p style=\"line-height: 1; text-align: left;\">mit Speisen nach historischen Rezepten<\/p>\n<p style=\"line-height: 0.5; text-align: left;\"><span style=\"color: #ffffff;\">k<\/span><\/p>\n<p style=\"line-height: 1; text-align: left;\">Freitag 17. Mai 2019, 20h<\/p>\n<p style=\"line-height: 1; text-align: left;\">Samstag 18. Mai, 20h<\/p>\n<p style=\"line-height: 1; text-align: left;\">Sonntag 19. Mai, 17h<\/p>\n<p style=\"line-height: 0.5; text-align: left;\"><span style=\"color: #ffffff;\">k<\/span><\/p>\n<p style=\"line-height: 1; text-align: left;\">Restaurant zur M\u00e4gd in Basel, Saal im ersten Stock<\/p>\n<p style=\"line-height: 0.5; text-align: left;\"><span style=\"color: #ffffff;\">k<\/span><\/p>\n<p style=\"line-height: 1; text-align: left;\"><strong>The Earle His Viols<\/strong>, Renaissance Gambenconsort<\/p>\n<p style=\"line-height: 1; text-align: left;\"><strong>Colette Greder<\/strong>, Moderation<\/p>\n<p style=\"line-height: 1; text-align: left;\">Leitung: <strong>Christoph Prendl<\/strong><\/p>\n<p><a href=\"http:\/\/choriosa.ch\/wp-content\/uploads\/2019\/08\/Programm-Leonardo-da-Vinci-Moderation.pdf\" target=\"_blank\" rel=\"noopener\">Moderationstext zur Biographie von Leonardo da Vinci, von Christoph Prendl<\/a><\/p>\n<p><a href=\"http:\/\/choriosa.ch\/wp-content\/uploads\/2019\/07\/20190509_VogelGryff_Choriosa-Leonardo.pdf\" target=\"_blank\" rel=\"noopener\">Bericht im Vogel Gryff vom 9. Mai 2019<\/a><\/p>\n<p style=\"line-height: 2; text-align: left;\"><span style=\"color: #ffffff;\">k<\/span><\/p>\n<p style=\"font-size: 0.7em; text-align: left;\">Gestaltung Flyer: Margarete Polus<\/p>\n<\/div>\n<\/div><\/div><\/div><div id=\"pgc-30-6-2\"  class=\"panel-grid-cell\" ><div id=\"panel-30-6-2-0\" class=\"so-panel widget widget_sow-image panel-first-child panel-last-child\" data-index=\"21\" ><div\n\t\t\t\n\t\t\tclass=\"so-widget-sow-image so-widget-sow-image-default-72463164d13f-30\"\n\t\t\t\n\t\t>\n\n<div class=\"sow-image-container\">\n\t\t<img decoding=\"async\" src=\"https:\/\/choriosa.ch\/wp-content\/uploads\/2017\/09\/LeonardoFlyerA5.jpg\" width=\"644\" height=\"1024\" srcset=\"https:\/\/choriosa.ch\/wp-content\/uploads\/2017\/09\/LeonardoFlyerA5.jpg 644w, https:\/\/choriosa.ch\/wp-content\/uploads\/2017\/09\/LeonardoFlyerA5-189x300.jpg 189w\" sizes=\"auto, (max-width: 644px) 100vw, 644px\" alt=\"\" loading=\"lazy\" \t\tclass=\"so-widget-image\"\/>\n\t<\/div>\n\n<\/div><\/div><\/div><\/div><div id=\"pg-30-7\"  class=\"panel-grid panel-no-style\" ><div id=\"pgc-30-7-0\"  class=\"panel-grid-cell\" ><div id=\"panel-30-7-0-0\" class=\"so-panel widget widget_sow-editor panel-first-child panel-last-child\" data-index=\"22\" ><div\n\t\t\t\n\t\t\tclass=\"so-widget-sow-editor so-widget-sow-editor-base\"\n\t\t\t\n\t\t>\n<div class=\"siteorigin-widget-tinymce textwidget\">\n\t<p><strong><span class=\"Apple-style-span\">Filmnacht<br \/>\n<\/span><\/strong><\/p>\n<p>August 2018<\/p>\n<\/div>\n<\/div><\/div><\/div><div id=\"pgc-30-7-1\"  class=\"panel-grid-cell\" ><div id=\"panel-30-7-1-0\" class=\"so-panel widget widget_sow-editor panel-first-child panel-last-child\" data-index=\"23\" ><div\n\t\t\t\n\t\t\tclass=\"so-widget-sow-editor so-widget-sow-editor-base\"\n\t\t\t\n\t\t>\n<div class=\"siteorigin-widget-tinymce textwidget\">\n\t<p id=\"u762-2\"><strong>\u00abEm Bebbi sy Jazz\u00bb <\/strong>- nochmals Filmnacht<strong><br \/>\n<\/strong><\/p>\n<p>Freitag, 17. August 2018, 19.30 Uhr<\/p>\n<p>Leonhardskirche, Basel<\/p>\n<p>Leitung: Christoph Prendl<br \/>\nKlavier: Sebastian Bausch<\/p>\n<p style=\"line-height: 2; text-align: left;\"><span style=\"color: #ffffff;\">k<\/span><\/p>\n<p style=\"font-size: 0.7em; text-align: left;\">Gestaltung Flyer: Margarete Polus<\/p>\n<\/div>\n<\/div><\/div><\/div><div id=\"pgc-30-7-2\"  class=\"panel-grid-cell panel-grid-cell-empty\" ><\/div><div id=\"pgc-30-7-3\"  class=\"panel-grid-cell\" ><div id=\"panel-30-7-3-0\" class=\"so-panel widget widget_sow-image panel-first-child panel-last-child\" data-index=\"24\" ><div\n\t\t\t\n\t\t\tclass=\"so-widget-sow-image so-widget-sow-image-default-72463164d13f-30\"\n\t\t\t\n\t\t>\n\n<div class=\"sow-image-container\">\n\t\t<img decoding=\"async\" src=\"https:\/\/choriosa.ch\/wp-content\/uploads\/2018\/08\/Bebbijazz_Flyer_2018_klein.jpg\" width=\"500\" height=\"687\" srcset=\"https:\/\/choriosa.ch\/wp-content\/uploads\/2018\/08\/Bebbijazz_Flyer_2018_klein.jpg 500w, https:\/\/choriosa.ch\/wp-content\/uploads\/2018\/08\/Bebbijazz_Flyer_2018_klein-218x300.jpg 218w\" sizes=\"auto, (max-width: 500px) 100vw, 500px\" alt=\"\" loading=\"lazy\" \t\tclass=\"so-widget-image\"\/>\n\t<\/div>\n\n<\/div><\/div><\/div><\/div><div id=\"pg-30-8\"  class=\"panel-grid panel-no-style\" ><div id=\"pgc-30-8-0\"  class=\"panel-grid-cell\" ><div id=\"panel-30-8-0-0\" class=\"so-panel widget widget_sow-editor panel-first-child panel-last-child\" data-index=\"25\" ><div\n\t\t\t\n\t\t\tclass=\"so-widget-sow-editor so-widget-sow-editor-base\"\n\t\t\t\n\t\t>\n<div class=\"siteorigin-widget-tinymce textwidget\">\n\t<p><strong><span class=\"Apple-style-span\">Filmnacht<br \/>\n<\/span><\/strong><\/p>\n<p>Juni 2018<\/p>\n<\/div>\n<\/div><\/div><\/div><div id=\"pgc-30-8-1\"  class=\"panel-grid-cell\" ><div id=\"panel-30-8-1-0\" class=\"so-panel widget widget_sow-editor panel-first-child panel-last-child\" data-index=\"26\" ><div\n\t\t\t\n\t\t\tclass=\"so-widget-sow-editor so-widget-sow-editor-base\"\n\t\t\t\n\t\t>\n<div class=\"siteorigin-widget-tinymce textwidget\">\n\t<p><span class=\"Apple-style-span\"><strong>Cinema Choriosa<\/strong> - Sing mir das Lied vom Film<\/span><\/p>\n<p>Freitag, 8. Juni 2018, 20 Uhr<br \/>\nSamstag, 9. Juni 2018, 20 Uhr<br \/>\nSonntag, 10. Juni 2018, 16 Uhr<\/p>\n<p>Eventhalle - launchlabs, Gundeldingerfeld, Basel<\/p>\n<p>Leitung: Christoph Prendl<br \/>\nKlavier: Sebastian Bausch<\/p>\n<p><a href=\"http:\/\/choriosa.ch\/wp-content\/uploads\/2019\/04\/20180524_VogelGryff-Nr.24_Filmnacht-Choriosa.pdf\" target=\"_blank\" rel=\"noopener\">Bericht im Vogel Gryff vom 24. Mai 2018<\/a><\/p>\n<p style=\"line-height: 2; text-align: left;\"><span style=\"color: #ffffff;\">k<\/span><\/p>\n<p style=\"font-size: 0.7em; text-align: left;\">Gestaltung Flyer: Margarete Polus<\/p>\n<\/div>\n<\/div><\/div><\/div><div id=\"pgc-30-8-2\"  class=\"panel-grid-cell\" ><div id=\"panel-30-8-2-0\" class=\"so-panel widget widget_sow-image panel-first-child panel-last-child\" data-index=\"27\" ><div\n\t\t\t\n\t\t\tclass=\"so-widget-sow-image so-widget-sow-image-default-72463164d13f-30\"\n\t\t\t\n\t\t>\n\n<div class=\"sow-image-container\">\n\t\t<img decoding=\"async\" src=\"https:\/\/choriosa.ch\/wp-content\/uploads\/2018\/04\/Choriosa2018PLAKATblau.jpg\" width=\"514\" height=\"721\" srcset=\"https:\/\/choriosa.ch\/wp-content\/uploads\/2018\/04\/Choriosa2018PLAKATblau.jpg 514w, https:\/\/choriosa.ch\/wp-content\/uploads\/2018\/04\/Choriosa2018PLAKATblau-214x300.jpg 214w\" sizes=\"auto, (max-width: 514px) 100vw, 514px\" alt=\"\" loading=\"lazy\" \t\tclass=\"so-widget-image\"\/>\n\t<\/div>\n\n<\/div><\/div><\/div><\/div><div id=\"pg-30-9\"  class=\"panel-grid panel-no-style\" ><div id=\"pgc-30-9-0\"  class=\"panel-grid-cell\" ><div id=\"panel-30-9-0-0\" class=\"so-panel widget widget_sow-editor panel-first-child panel-last-child\" data-index=\"28\" ><div\n\t\t\t\n\t\t\tclass=\"so-widget-sow-editor so-widget-sow-editor-base\"\n\t\t\t\n\t\t>\n<div class=\"siteorigin-widget-tinymce textwidget\">\n\t<\/div>\n<\/div><\/div><\/div><div id=\"pgc-30-9-1\"  class=\"panel-grid-cell\" ><div id=\"panel-30-9-1-0\" class=\"so-panel widget widget_sow-image panel-first-child panel-last-child\" data-index=\"29\" ><div\n\t\t\t\n\t\t\tclass=\"so-widget-sow-image so-widget-sow-image-default-72463164d13f-30\"\n\t\t\t\n\t\t>\n\n<div class=\"sow-image-container\">\n\t\t<img decoding=\"async\" src=\"https:\/\/choriosa.ch\/wp-content\/uploads\/2018\/04\/Choriosa2018PLAKATgrun.jpg\" width=\"514\" height=\"721\" srcset=\"https:\/\/choriosa.ch\/wp-content\/uploads\/2018\/04\/Choriosa2018PLAKATgrun.jpg 514w, https:\/\/choriosa.ch\/wp-content\/uploads\/2018\/04\/Choriosa2018PLAKATgrun-214x300.jpg 214w\" sizes=\"auto, (max-width: 514px) 100vw, 514px\" alt=\"\" loading=\"lazy\" \t\tclass=\"so-widget-image\"\/>\n\t<\/div>\n\n<\/div><\/div><\/div><div id=\"pgc-30-9-2\"  class=\"panel-grid-cell\" ><div id=\"panel-30-9-2-0\" class=\"so-panel widget widget_sow-image panel-first-child panel-last-child\" data-index=\"30\" ><div\n\t\t\t\n\t\t\tclass=\"so-widget-sow-image so-widget-sow-image-default-72463164d13f-30\"\n\t\t\t\n\t\t>\n\n<div class=\"sow-image-container\">\n\t\t<img decoding=\"async\" src=\"https:\/\/choriosa.ch\/wp-content\/uploads\/2018\/04\/Choriosa2018PLAKATblau.jpg\" width=\"514\" height=\"721\" srcset=\"https:\/\/choriosa.ch\/wp-content\/uploads\/2018\/04\/Choriosa2018PLAKATblau.jpg 514w, https:\/\/choriosa.ch\/wp-content\/uploads\/2018\/04\/Choriosa2018PLAKATblau-214x300.jpg 214w\" sizes=\"auto, (max-width: 514px) 100vw, 514px\" alt=\"\" loading=\"lazy\" \t\tclass=\"so-widget-image\"\/>\n\t<\/div>\n\n<\/div><\/div><\/div><div id=\"pgc-30-9-3\"  class=\"panel-grid-cell\" ><div id=\"panel-30-9-3-0\" class=\"so-panel widget widget_sow-image panel-first-child panel-last-child\" data-index=\"31\" ><div\n\t\t\t\n\t\t\tclass=\"so-widget-sow-image so-widget-sow-image-default-72463164d13f-30\"\n\t\t\t\n\t\t>\n\n<div class=\"sow-image-container\">\n\t\t<img decoding=\"async\" src=\"https:\/\/choriosa.ch\/wp-content\/uploads\/2018\/04\/Choriosa2018PLAKATpink.jpg\" width=\"514\" height=\"721\" srcset=\"https:\/\/choriosa.ch\/wp-content\/uploads\/2018\/04\/Choriosa2018PLAKATpink.jpg 514w, https:\/\/choriosa.ch\/wp-content\/uploads\/2018\/04\/Choriosa2018PLAKATpink-214x300.jpg 214w\" sizes=\"auto, (max-width: 514px) 100vw, 514px\" alt=\"\" loading=\"lazy\" \t\tclass=\"so-widget-image\"\/>\n\t<\/div>\n\n<\/div><\/div><\/div><div id=\"pgc-30-9-4\"  class=\"panel-grid-cell\" ><div id=\"panel-30-9-4-0\" class=\"so-panel widget widget_sow-image panel-first-child panel-last-child\" data-index=\"32\" ><div\n\t\t\t\n\t\t\tclass=\"so-widget-sow-image so-widget-sow-image-default-72463164d13f-30\"\n\t\t\t\n\t\t>\n\n<div class=\"sow-image-container\">\n\t\t<img decoding=\"async\" src=\"https:\/\/choriosa.ch\/wp-content\/uploads\/2018\/04\/Choriosa2018PLAKATgelb.jpg\" width=\"514\" height=\"721\" srcset=\"https:\/\/choriosa.ch\/wp-content\/uploads\/2018\/04\/Choriosa2018PLAKATgelb.jpg 514w, https:\/\/choriosa.ch\/wp-content\/uploads\/2018\/04\/Choriosa2018PLAKATgelb-214x300.jpg 214w\" sizes=\"auto, (max-width: 514px) 100vw, 514px\" alt=\"\" loading=\"lazy\" \t\tclass=\"so-widget-image\"\/>\n\t<\/div>\n\n<\/div><\/div><\/div><div id=\"pgc-30-9-5\"  class=\"panel-grid-cell\" ><div id=\"panel-30-9-5-0\" class=\"so-panel widget widget_sow-editor panel-first-child panel-last-child\" data-index=\"33\" ><div\n\t\t\t\n\t\t\tclass=\"so-widget-sow-editor so-widget-sow-editor-base\"\n\t\t\t\n\t\t>\n<div class=\"siteorigin-widget-tinymce textwidget\">\n\t<\/div>\n<\/div><\/div><\/div><\/div><div id=\"pg-30-10\"  class=\"panel-grid panel-no-style\" ><div id=\"pgc-30-10-0\"  class=\"panel-grid-cell\" ><div id=\"panel-30-10-0-0\" class=\"so-panel widget widget_sow-editor panel-first-child panel-last-child\" data-index=\"34\" ><div\n\t\t\t\n\t\t\tclass=\"so-widget-sow-editor so-widget-sow-editor-base\"\n\t\t\t\n\t\t>\n<div class=\"siteorigin-widget-tinymce textwidget\">\n\t<p><strong>Chorlabor<\/strong><strong><br \/>\n<\/strong><\/p>\n<p>Mai 2017<\/p>\n<\/div>\n<\/div><\/div><\/div><div id=\"pgc-30-10-1\"  class=\"panel-grid-cell\" ><div id=\"panel-30-10-1-0\" class=\"so-panel widget widget_sow-editor panel-first-child panel-last-child\" data-index=\"35\" ><div\n\t\t\t\n\t\t\tclass=\"so-widget-sow-editor so-widget-sow-editor-base\"\n\t\t\t\n\t\t>\n<div class=\"siteorigin-widget-tinymce textwidget\">\n\t<p><strong>\u00abFragen\u00bb am Gare du Nord<\/strong><\/p>\n<p>Beteiligte KomponistInnen: Matthias Heep, Leo Dick (<span class=\"_1fHNK\">\u00ab<\/span>Hippie Marbling<span class=\"_1fHNK\">\u00bb<\/span>, Urauff\u00fchrung durch Choriosa), Sylwia Zytynska<\/p>\n<p>Wiedereinmal wagt sich Choriosa an etwas Neues: Wir beteiligen uns an einem Projekt des Gare du Nord mit zeitgen\u00f6ssischer Komposition. F\u00fcr Choriosa und zwei weitere Ch\u00f6re wurde je ein St\u00fcck komponiert, welches am Donnerstag, 11.05.2017 uraufgef\u00fchrt wird und an den drei darauffolgenden Tagen nochmals im Konzert zu h\u00f6ren ist. Passend dazu werden auch andere, vielleicht bekanntere St\u00fccke zu h\u00f6ren sein. Lasst euch \u00fcberraschen und traut euch: Wir versprechen ein spannendes und einmaliges Erlebnis! Wir freuen uns, wenn der eine oder die andere dieses Erlebnis mit uns teilt und freuen uns euch zu sehen.<\/p>\n<p>Weitere Infos zum Projekt unter folgenden Links:<\/p>\n<ul>\n<li><a class=\" link\" href=\"https:\/\/chorlabor.wordpress.com\/fragen-2\/\" target=\"_blank\" rel=\"noopener\">Chorlabor - Gare du Nord<\/a><\/li>\n<li><a class=\" link\" href=\"https:\/\/vimeo.com\/191790953\" target=\"_blank\" rel=\"noopener\">Trailer zum Projekt<\/a><\/li>\n<\/ul>\n<\/div>\n<\/div><\/div><\/div><div id=\"pgc-30-10-2\"  class=\"panel-grid-cell\" ><div id=\"panel-30-10-2-0\" class=\"so-panel widget widget_sow-image panel-first-child panel-last-child\" data-index=\"36\" ><div\n\t\t\t\n\t\t\tclass=\"so-widget-sow-image so-widget-sow-image-default-72463164d13f-30\"\n\t\t\t\n\t\t>\n\n<div class=\"sow-image-container\">\n\t\t<img decoding=\"async\" src=\"https:\/\/choriosa.ch\/wp-content\/uploads\/2017\/10\/2017_Chorlabor_flyer.jpg\" width=\"1099\" height=\"775\" srcset=\"https:\/\/choriosa.ch\/wp-content\/uploads\/2017\/10\/2017_Chorlabor_flyer.jpg 1099w, https:\/\/choriosa.ch\/wp-content\/uploads\/2017\/10\/2017_Chorlabor_flyer-300x212.jpg 300w, https:\/\/choriosa.ch\/wp-content\/uploads\/2017\/10\/2017_Chorlabor_flyer-768x542.jpg 768w, https:\/\/choriosa.ch\/wp-content\/uploads\/2017\/10\/2017_Chorlabor_flyer-1024x722.jpg 1024w\" sizes=\"auto, (max-width: 1099px) 100vw, 1099px\" alt=\"\" loading=\"lazy\" \t\tclass=\"so-widget-image\"\/>\n\t<\/div>\n\n<\/div><\/div><\/div><\/div><div id=\"pg-30-11\"  class=\"panel-grid panel-no-style\" ><div id=\"pgc-30-11-0\"  class=\"panel-grid-cell\" ><div id=\"panel-30-11-0-0\" class=\"so-panel widget widget_sow-editor panel-first-child\" data-index=\"37\" ><div\n\t\t\t\n\t\t\tclass=\"so-widget-sow-editor so-widget-sow-editor-base\"\n\t\t\t\n\t\t>\n<div class=\"siteorigin-widget-tinymce textwidget\">\n\t<p><strong>In den Advent<\/strong><strong><br \/><\/strong><\/p>\n<p>November 2016<\/p>\n<\/div>\n<\/div><\/div><div id=\"panel-30-11-0-1\" class=\"so-panel widget widget_sow-image panel-last-child\" data-index=\"38\" ><div\n\t\t\t\n\t\t\tclass=\"so-widget-sow-image so-widget-sow-image-default-72463164d13f-30\"\n\t\t\t\n\t\t>\n\n<div class=\"sow-image-container\">\n\t\t<img decoding=\"async\" src=\"https:\/\/choriosa.ch\/wp-content\/uploads\/2017\/10\/20151129-Prag_030_Lukas.jpg\" width=\"1632\" height=\"2448\" srcset=\"https:\/\/choriosa.ch\/wp-content\/uploads\/2017\/10\/20151129-Prag_030_Lukas.jpg 1632w, https:\/\/choriosa.ch\/wp-content\/uploads\/2017\/10\/20151129-Prag_030_Lukas-200x300.jpg 200w, https:\/\/choriosa.ch\/wp-content\/uploads\/2017\/10\/20151129-Prag_030_Lukas-768x1152.jpg 768w, https:\/\/choriosa.ch\/wp-content\/uploads\/2017\/10\/20151129-Prag_030_Lukas-683x1024.jpg 683w\" sizes=\"auto, (max-width: 1632px) 100vw, 1632px\" alt=\"\" loading=\"lazy\" \t\tclass=\"so-widget-image\"\/>\n\t<\/div>\n\n<\/div><\/div><\/div><div id=\"pgc-30-11-1\"  class=\"panel-grid-cell\" ><div id=\"panel-30-11-1-0\" class=\"so-panel widget widget_sow-editor panel-first-child panel-last-child\" data-index=\"39\" ><div\n\t\t\t\n\t\t\tclass=\"so-widget-sow-editor so-widget-sow-editor-base\"\n\t\t\t\n\t\t>\n<div class=\"siteorigin-widget-tinymce textwidget\">\n\t<p><strong>Mit Choriosa unterwegs<br \/><\/strong><\/p>\n<p>Wir laden Sie herzlich ein auf eine musikalische Reise durch unser Repertoire. Mit diesem Konzert zur Adventszeit verabschieden wir nach acht Jahren unseren Chorleiter Lukas Merkelbach. Wir w\u00fcnschen Ihnen und uns ein sch\u00f6nes Konzert und eine wunderbare Weihnachtszeit.<\/p>\n<p>Haus der Vereine, Baselstrasse 43, Riehen<br \/>Leitung: Lukas Merkelbach<br \/>Klavier: Moses Kobelt<\/p>\n<\/div>\n<\/div><\/div><\/div><div id=\"pgc-30-11-2\"  class=\"panel-grid-cell\" ><div id=\"panel-30-11-2-0\" class=\"so-panel widget widget_sow-image panel-first-child panel-last-child\" data-index=\"40\" ><div\n\t\t\t\n\t\t\tclass=\"so-widget-sow-image so-widget-sow-image-default-72463164d13f-30\"\n\t\t\t\n\t\t>\n\n<div class=\"sow-image-container\">\n\t\t<img decoding=\"async\" src=\"https:\/\/choriosa.ch\/wp-content\/uploads\/2017\/09\/20161127_Weihnachtskonzert-Flyer.jpg\" width=\"774\" height=\"774\" srcset=\"https:\/\/choriosa.ch\/wp-content\/uploads\/2017\/09\/20161127_Weihnachtskonzert-Flyer.jpg 774w, https:\/\/choriosa.ch\/wp-content\/uploads\/2017\/09\/20161127_Weihnachtskonzert-Flyer-150x150.jpg 150w, https:\/\/choriosa.ch\/wp-content\/uploads\/2017\/09\/20161127_Weihnachtskonzert-Flyer-300x300.jpg 300w, https:\/\/choriosa.ch\/wp-content\/uploads\/2017\/09\/20161127_Weihnachtskonzert-Flyer-768x768.jpg 768w, https:\/\/choriosa.ch\/wp-content\/uploads\/2017\/09\/20161127_Weihnachtskonzert-Flyer-230x230.jpg 230w, https:\/\/choriosa.ch\/wp-content\/uploads\/2017\/09\/20161127_Weihnachtskonzert-Flyer-330x330.jpg 330w\" sizes=\"auto, (max-width: 774px) 100vw, 774px\" alt=\"\" loading=\"lazy\" \t\tclass=\"so-widget-image\"\/>\n\t<\/div>\n\n<\/div><\/div><\/div><\/div><div id=\"pg-30-12\"  class=\"panel-grid panel-no-style\" ><div id=\"pgc-30-12-0\"  class=\"panel-grid-cell\" ><div id=\"panel-30-12-0-0\" class=\"so-panel widget widget_sow-editor panel-first-child panel-last-child\" data-index=\"41\" ><div\n\t\t\t\n\t\t\tclass=\"so-widget-sow-editor so-widget-sow-editor-base\"\n\t\t\t\n\t\t>\n<div class=\"siteorigin-widget-tinymce textwidget\">\n\t<p><strong>Advent<\/strong><strong><br \/><\/strong><\/p>\n<p>Dezember 2015<\/p>\n<\/div>\n<\/div><\/div><\/div><div id=\"pgc-30-12-1\"  class=\"panel-grid-cell panel-grid-cell-mobile-last\" ><div id=\"panel-30-12-1-0\" class=\"so-panel widget widget_sow-editor panel-first-child panel-last-child\" data-index=\"42\" ><div\n\t\t\t\n\t\t\tclass=\"so-widget-sow-editor so-widget-sow-editor-base\"\n\t\t\t\n\t\t>\n<div class=\"siteorigin-widget-tinymce textwidget\">\n\t<p><strong>Weihnachten mit Choriosa<\/strong><\/p>\n<p>Weihnachtsfeier Pflegehotel, St. Johanns-Ring 122, Basel<br \/>Donnerstag, 17. Dezember 2015<br \/>Leitung: Lukas Merkelbach<\/p>\n<\/div>\n<\/div><\/div><\/div><div id=\"pgc-30-12-2\"  class=\"panel-grid-cell panel-grid-cell-empty\" ><\/div><\/div><div id=\"pg-30-13\"  class=\"panel-grid panel-no-style\" ><div id=\"pgc-30-13-0\"  class=\"panel-grid-cell\" ><div id=\"panel-30-13-0-0\" class=\"so-panel widget widget_sow-editor panel-first-child panel-last-child\" data-index=\"43\" ><div\n\t\t\t\n\t\t\tclass=\"so-widget-sow-editor so-widget-sow-editor-base\"\n\t\t\t\n\t\t>\n<div class=\"siteorigin-widget-tinymce textwidget\">\n\t<p><strong>Winterreise<\/strong><strong><br \/>\n<\/strong><\/p>\n<p>November 2015<\/p>\n<\/div>\n<\/div><\/div><\/div><div id=\"pgc-30-13-1\"  class=\"panel-grid-cell\" ><div id=\"panel-30-13-1-0\" class=\"so-panel widget widget_sow-editor panel-first-child panel-last-child\" data-index=\"44\" ><div\n\t\t\t\n\t\t\tclass=\"so-widget-sow-editor so-widget-sow-editor-base\"\n\t\t\t\n\t\t>\n<div class=\"siteorigin-widget-tinymce textwidget\">\n\t<p><strong>mit easyJet nach Prag<br \/><\/strong><\/p>\n<p>5 Jahre nach Venedig g\u00f6nnt sich Choriosa Basel wiedereinmal eine Konzertreise. Vom 27. bis 29. November 2015 lassen wir in Prag festliche Kl\u00e4nge erklingen.<\/p>\n<p>Auff\u00fchurung:<br \/>Kirche St. Salvator (Kostel Sv. Salv\u00e1tora), Salv\u00e1torsk\u00e1 1 \u2013 Star\u00e9 M\u011bsto<br \/>Leitung und Dirigat Gesamtchor:<br \/>Lukas Merkelbach<\/p>\n<\/div>\n<\/div><\/div><\/div><div id=\"pgc-30-13-2\"  class=\"panel-grid-cell\" ><div id=\"panel-30-13-2-0\" class=\"so-panel widget widget_sow-editor panel-first-child panel-last-child\" data-index=\"45\" ><div\n\t\t\t\n\t\t\tclass=\"so-widget-sow-editor so-widget-sow-editor-base\"\n\t\t\t\n\t\t>\n<div class=\"siteorigin-widget-tinymce textwidget\">\n\t<p><strong>Friendship Concert and Common Singing<\/strong><\/p>\n<ul>\n<li>Szeged Ecumenical Gospel Choir, Hungary<\/li>\n<li>Coro Gerberto Citt\u00e0 di Bobbio, Italy<\/li>\n<li>Corala parohiei ortodoxe Bunavestire-Deva, Romania<\/li>\n<li>Popkoor Voicemail, the Netherlands<\/li>\n<li>Choriosa Basel, Switzerland<\/li>\n<li>Wilandes Chor Wilsdruff e.V., Germany<\/li>\n<li>Divertimento, the Netherlands<\/li>\n<li>M\u00e4nnerchor Eintracht 1892 e.V. Berlin-Mahlsdorf, Germany<\/li>\n<li>Vrouwenkoor Zijdelinks, the Netherlands<\/li>\n<li>Phonic, Finland<\/li>\n<\/ul>\n<\/div>\n<\/div><\/div><\/div><\/div><div id=\"pg-30-14\"  class=\"panel-grid panel-no-style\" ><div id=\"pgc-30-14-0\"  class=\"panel-grid-cell\" ><div id=\"panel-30-14-0-0\" class=\"so-panel widget widget_sow-editor panel-first-child panel-last-child\" data-index=\"46\" ><div\n\t\t\t\n\t\t\tclass=\"so-widget-sow-editor so-widget-sow-editor-base\"\n\t\t\t\n\t\t>\n<div class=\"siteorigin-widget-tinymce textwidget\">\n\t<p><strong>Ereignisse<\/strong><\/p>\n<p>November 2015<\/p>\n<\/div>\n<\/div><\/div><\/div><div id=\"pgc-30-14-1\"  class=\"panel-grid-cell\" ><div id=\"panel-30-14-1-0\" class=\"so-panel widget widget_sow-editor panel-first-child panel-last-child\" data-index=\"47\" ><div\n\t\t\t\n\t\t\tclass=\"so-widget-sow-editor so-widget-sow-editor-base\"\n\t\t\t\n\t\t>\n<div class=\"siteorigin-widget-tinymce textwidget\">\n\t<p class=\"zusatz versal\"><strong>Schweizer Erstauff\u00fchrung am Theater Basel<\/strong><\/p>\n<p class=\"zusatz versal\">Schauspiel von David Greig<\/p>\n<p class=\"zusatz versal\">Aus dem Englischen von Brigitte Auer:<\/p>\n<p class=\"zusatz versal\">Kann man einen Terroristen, einen mehrfachen M\u00f6rder\u00a0verstehen? Claire Fletcher, liberale Seelsorgerin in einer Kleinstadt, l\u00e4sst diese Frage keine Ruhe, nachdem eine\u00a0Probe ihres Gemeindechors zum Schauplatz einer Trag\u00f6die\u00a0geworden ist: Ein junger Mann hat in einem Amoklauf\u00a0mehrere der Chormitglieder\u00a0get\u00f6tet. Seitdem ist\u00a0nichts mehr wie es war und\u00a0eine R\u00fcckkehr zur Normalit\u00e4t\u00a0scheint ein f\u00fcr alle Mal\u00a0unm\u00f6glich. Das Bed\u00fcrfnis, die vergangenen Ereignisse\u00a0nachzuvollziehen wird f\u00fcr Claire zur\u00a0Obsession, in der die Gegens\u00e4tze zwischen Gut\u00a0und B\u00f6se verwischen. Kann sie ihre Wut und Rachegel\u00fcste\u00a0aufgeben und verzeihen? Offenheit\u00a0und Verst\u00e4ndnis, die Grundfesten ihrer durchaus\u00a0umstrittenen Gemeindearbeit, werden im\u00a0Spiegel des gewaltt\u00e4tigen Andersdenkenden\u00a0radikal ersch\u00fcttert.<\/p>\n<p class=\"zusatz versal\">Anders Breiviks rechtsextremistische Anschl\u00e4ge\u00a0in Norwegen 2011 waren f\u00fcr den schottischen\u00a0Dramatiker David Greig trauriger Anlass\u00a0f\u00fcr sein St\u00fcck \u00fcber den Umgang mit derartig unbegreiflichen Taten. Das Besondere dieser Inszenierung\u00a0ist es, den Figuren in jeder Vorstellung\u00a0einen lokalen Laienchor gegen\u00fcber zu stellen\u00a0und die Aufarbeitung in einer jeweils neuen,\u00a0ganz konkreten Gemeinschaft zu verorten. So\u00a0trifft das Theater jedes Mal auf einen anderen\u00a0Teil gesellschaftlicher Realit\u00e4t und Schauspieler,\u00a0Chor und Publikum stellen sich gemeinsam\u00a0und im Augenblick der Auff\u00fchrung den Fragen,\u00a0die Greig aufwirft. Nach Stationen in Edinburgh,\u00a0London, Drammen (Norwegen) und Wien ist\u00a0das St\u00fcck, das der Guardian 2013 zum Theatereignis\u00a0des Jahres k\u00fcrte, nun in Basel zu sehen\u00a0und hat an seiner Brisanz nichts eingeb\u00fcsst.\u00a0Neben Vorstellungen im Theater wird die Inszenierung\u00a0als mobile Produktion bei Ch\u00f6ren im\u00a0Baselbiet zu Gast sein.<\/p>\n<div class=\"expandable-content description\">\n<ul>\n<li><a href=\"http:\/\/choriosa.ch\/wp-content\/uploads\/2017\/10\/2015_Ereignisse_Kritik-bz.pdf\" target=\"_blank\" rel=\"noopener\">Kritik Nordwestschweiz vom 21.11.2015 <\/a><\/li>\n<li><a href=\"http:\/\/www.tageswoche.ch\/de\/2015_47\/kultur\/704221\/\u00abDie-Ereignisse\u00bb-am-Theater-Basel-Kann-man-einen-Terroristen-verstehen.htm\" target=\"_blank\" rel=\"noopener\">Beitrag Tageswoche vom 20.11.2015<\/a><\/li>\n<\/ul>\n<\/div>\n<\/div>\n<\/div><\/div><\/div><div id=\"pgc-30-14-2\"  class=\"panel-grid-cell\" ><div id=\"panel-30-14-2-0\" class=\"so-panel widget widget_sow-image panel-first-child panel-last-child\" data-index=\"48\" ><div\n\t\t\t\n\t\t\tclass=\"so-widget-sow-image so-widget-sow-image-default-72463164d13f-30\"\n\t\t\t\n\t\t>\n\n<div class=\"sow-image-container\">\n\t\t<img decoding=\"async\" src=\"https:\/\/choriosa.ch\/wp-content\/uploads\/2017\/10\/2015_Ereignisse_Theater-Basel.jpg\" width=\"734\" height=\"490\" srcset=\"https:\/\/choriosa.ch\/wp-content\/uploads\/2017\/10\/2015_Ereignisse_Theater-Basel.jpg 734w, https:\/\/choriosa.ch\/wp-content\/uploads\/2017\/10\/2015_Ereignisse_Theater-Basel-300x200.jpg 300w, https:\/\/choriosa.ch\/wp-content\/uploads\/2017\/10\/2015_Ereignisse_Theater-Basel-272x182.jpg 272w\" sizes=\"auto, (max-width: 734px) 100vw, 734px\" alt=\"\" loading=\"lazy\" \t\tclass=\"so-widget-image\"\/>\n\t<\/div>\n\n<\/div><\/div><\/div><\/div><div id=\"pg-30-15\"  class=\"panel-grid panel-no-style\" ><div id=\"pgc-30-15-0\"  class=\"panel-grid-cell\" ><div id=\"panel-30-15-0-0\" class=\"so-panel widget widget_sow-editor panel-first-child panel-last-child\" data-index=\"49\" ><div\n\t\t\t\n\t\t\tclass=\"so-widget-sow-editor so-widget-sow-editor-base\"\n\t\t\t\n\t\t>\n<div class=\"siteorigin-widget-tinymce textwidget\">\n\t<p><strong>Petite Messe Solennelle<br \/>\n<\/strong><\/p>\n<p>Juni 2015<\/p>\n<\/div>\n<\/div><\/div><\/div><div id=\"pgc-30-15-1\"  class=\"panel-grid-cell\" ><div id=\"panel-30-15-1-0\" class=\"so-panel widget widget_sow-editor panel-first-child panel-last-child\" data-index=\"50\" ><div\n\t\t\t\n\t\t\tclass=\"so-widget-sow-editor so-widget-sow-editor-base\"\n\t\t\t\n\t\t>\n<div class=\"siteorigin-widget-tinymce textwidget\">\n\t<p class=\"r\"><strong>G. Rossini: \u00abune pi\u00e8ce sacr\u00e9e, une sacr\u00e9e pi\u00e8ce de musique\u00bb<\/strong><\/p>\n<p class=\"r\">Leonhardskirche &amp; Restaurant Zur M\u00e4gd<\/p>\n<p>Dieses Werk passt sehr gut zu Choriosa: Gioachino Rossini (1792-1868) hat nach seinen grossen Opernerfolgen (z.B. Willheim Tell) als junger Mann nicht mehr komponiert, sondern ein Restaurant er\u00f6ffnet und 30 Jahre lang nur gekocht. Zum Schluss seines Lebens wollte (und musste) er noch seinen Eintritt in den Himmel abverdienen, also schrieb er noch ein paar St\u00fccke Musik. Inzwischen raffiniert gew\u00fcrzt, farbig, unkonventionell, frei. Dabei entstand seine Petite Messe solennelle. \"Petite\" mit einer Stunde Auff\u00fchrungsdauer nicht gerade, \"Messe\" nat\u00fcrlich mit geistlichem Text, liturgischer Enrsthaftigkeit. ABER auch voller Oper, Ironie, Salonmusik, fast Musical-m\u00e4ssig. Er selbst nannte das St\u00fcck \"une pi\u00e8ce sacr\u00e9e - une sacr\u00e9e pi\u00e8ce de musique\" (zu Deutsch \"Ein St\u00fcck geistliche Musik - ein verdammtes St\u00fcck Musik\", franz\u00f6sisches Wortspiel). So ist es es! Choriosa wird das St\u00fcck daher zweimal auff\u00fchren: einmal in einer Kirche und einmal in einem Salon. Zweimal dasselbe oder vielleicht ganz verschieden.<\/p>\n<ul>\n<li><a href=\"http:\/\/choriosa.ch\/wp-content\/uploads\/2017\/10\/2015_Rossini_Kritik-bz.pdf\" target=\"_blank\" rel=\"noopener\">Kritik Nordwestschweiz vom 25.06.2015<\/a><\/li>\n<\/ul>\n<\/div>\n<\/div><\/div><\/div><div id=\"pgc-30-15-2\"  class=\"panel-grid-cell\" ><div id=\"panel-30-15-2-0\" class=\"so-panel widget widget_sow-image panel-first-child panel-last-child\" data-index=\"51\" ><div\n\t\t\t\n\t\t\tclass=\"so-widget-sow-image so-widget-sow-image-default-72463164d13f-30\"\n\t\t\t\n\t\t>\n\n<div class=\"sow-image-container\">\n\t\t<img decoding=\"async\" src=\"https:\/\/choriosa.ch\/wp-content\/uploads\/2017\/10\/2015_Petite-Messe-Solennelle_flyer_1.jpg\" width=\"436\" height=\"612\" srcset=\"https:\/\/choriosa.ch\/wp-content\/uploads\/2017\/10\/2015_Petite-Messe-Solennelle_flyer_1.jpg 436w, https:\/\/choriosa.ch\/wp-content\/uploads\/2017\/10\/2015_Petite-Messe-Solennelle_flyer_1-214x300.jpg 214w\" sizes=\"auto, (max-width: 436px) 100vw, 436px\" title=\"2015_Petite Messe Solennelle_flyer_1\" alt=\"\" loading=\"lazy\" \t\tclass=\"so-widget-image\"\/>\n\t<\/div>\n\n<\/div><\/div><\/div><\/div><div id=\"pg-30-16\"  class=\"panel-grid panel-no-style\" ><div id=\"pgc-30-16-0\"  class=\"panel-grid-cell\" ><div id=\"panel-30-16-0-0\" class=\"so-panel widget widget_sow-editor panel-first-child panel-last-child\" data-index=\"52\" ><div\n\t\t\t\n\t\t\tclass=\"so-widget-sow-editor so-widget-sow-editor-base\"\n\t\t\t\n\t\t>\n<div class=\"siteorigin-widget-tinymce textwidget\">\n\t<p><strong>\u00c4lplerfescht<\/strong><strong><br \/>\n<\/strong><\/p>\n<p>Juni 2014<\/p>\n<\/div>\n<\/div><\/div><\/div><div id=\"pgc-30-16-1\"  class=\"panel-grid-cell\" ><div id=\"panel-30-16-1-0\" class=\"so-panel widget widget_sow-editor panel-first-child panel-last-child\" data-index=\"53\" ><div\n\t\t\t\n\t\t\tclass=\"so-widget-sow-editor so-widget-sow-editor-base\"\n\t\t\t\n\t\t>\n<div class=\"siteorigin-widget-tinymce textwidget\">\n\t<p><strong>auf \u00abAlp\u00bb Neuhof der Familie Mathys, Wahlen BL<\/strong><\/p>\n<p>Liederliste:<\/p>\n<p>Traditionell Appenzell: Chlausez\u00e4uerli<br \/>Trad. Innerschweiz, Susanne W\u00fcrmli-Kollhopp (*1945): Meiteli, wenn du witt go tanze<br \/>Graub\u00fcnden, Robert Cantieni (1873-1954): Lingua materna<br \/>Johannes Brahms (1833-1897): Da unten im Tale<br \/>Trad. Schweiz, S. W\u00fcrmli-Kollhopp: Chum, mir wei ga Chrieseli g\u00fcnne<br \/>Trad. Buchwil bei Aarberg, HR Willisegger (*1935): Sch\u00f6nster Abendstern<br \/>Trad. Schweiz, S. W\u00fcrmli-Kollhopp:`S isch mer alles eis Ding<br \/>Trad. Glarus, Christoph Kobelt (*1955): Lied im L\u00e4be<br \/>Trad. Irland, James E. Moore (*1951): An Irish blessing<br \/>Johann Rudolf Krenger (1854-1925): D\u2019r Trueberbueb<br \/>Trad. Kosovo, Du\u0161an Maksimovic (1932-2008): \u0160tuca mise, pominje me majka<br \/>Trad. Waadt, Carlo Boller (1896-1952): A Mol\u00e9son<br \/>Trad. Bern, S. W\u00fcrmli-Kollhopp: S\u2018Ramseiers wie go grase<br \/>Trad. Fribourg, S. W\u00fcrmli-Kollhopp: Ranz des vaches<br \/>Trad. Ostschweiz, S. W\u00fcrmli-Kollhopp: Gang r\u00fcef de Brune<\/p>\n<p>Leitung: Lukas Merkelbach<\/p>\n<p>Stimmbildung: Renate Schwank<\/p>\n<p>Korrepetition: Moses Kobelt<\/p>\n<ul>\n<li><a href=\"http:\/\/choriosa.ch\/wp-content\/uploads\/2017\/10\/2014_Aelplerfescht_Kritik-Wochenblatt.pdf\" target=\"_blank\" rel=\"noopener\">Kritik im Wochenblatt vom Juni 2014 <\/a><\/li>\n<\/ul>\n<\/div>\n<\/div><\/div><\/div><div id=\"pgc-30-16-2\"  class=\"panel-grid-cell\" ><div id=\"panel-30-16-2-0\" class=\"so-panel widget widget_sow-image panel-first-child panel-last-child\" data-index=\"54\" ><div\n\t\t\t\n\t\t\tclass=\"so-widget-sow-image so-widget-sow-image-default-72463164d13f-30\"\n\t\t\t\n\t\t>\n\n<div class=\"sow-image-container\">\n\t\t<img decoding=\"async\" src=\"https:\/\/choriosa.ch\/wp-content\/uploads\/2017\/10\/2014_Aelplerfescht_flyer.jpg\" width=\"533\" height=\"748\" srcset=\"https:\/\/choriosa.ch\/wp-content\/uploads\/2017\/10\/2014_Aelplerfescht_flyer.jpg 533w, https:\/\/choriosa.ch\/wp-content\/uploads\/2017\/10\/2014_Aelplerfescht_flyer-214x300.jpg 214w\" sizes=\"auto, (max-width: 533px) 100vw, 533px\" alt=\"\" loading=\"lazy\" \t\tclass=\"so-widget-image\"\/>\n\t<\/div>\n\n<\/div><\/div><\/div><\/div><div id=\"pg-30-17\"  class=\"panel-grid panel-no-style\" ><div id=\"pgc-30-17-0\"  class=\"panel-grid-cell\" ><div id=\"panel-30-17-0-0\" class=\"so-panel widget widget_sow-editor panel-first-child panel-last-child\" data-index=\"55\" ><div\n\t\t\t\n\t\t\tclass=\"so-widget-sow-editor so-widget-sow-editor-base\"\n\t\t\t\n\t\t>\n<div class=\"siteorigin-widget-tinymce textwidget\">\n\t<p><strong>Advent<\/strong><strong><br \/><\/strong><\/p>\n<p>Dezember 2013<\/p>\n<\/div>\n<\/div><\/div><\/div><div id=\"pgc-30-17-1\"  class=\"panel-grid-cell\" ><div id=\"panel-30-17-1-0\" class=\"so-panel widget widget_sow-editor panel-first-child panel-last-child\" data-index=\"56\" ><div\n\t\t\t\n\t\t\tclass=\"so-widget-sow-editor so-widget-sow-editor-base\"\n\t\t\t\n\t\t>\n<div class=\"siteorigin-widget-tinymce textwidget\">\n\t<p><strong>Weihnachten mit Choriosa<br \/><\/strong><\/p>\n<p>Choriosa Basel l\u00e4dt am Adventssonntag zum traditionellen Weihnachtskonzert ein. Wir singen neben den bekannten Weihnachtsliedern auch Lieder aus Schweden sowie einen Auszug aus den Birthday Madrigals des britischen Komponisten John Rutter.<\/p>\n<p>Johanneskapelle am St. Johanns-Ring 122, Basel<br \/>Leitung: Lukas Merkelbach<br \/>Klavier und Orgel: Moses Kobelt<\/p>\n<\/div>\n<\/div><\/div><\/div><div id=\"pgc-30-17-2\"  class=\"panel-grid-cell\" ><div id=\"panel-30-17-2-0\" class=\"so-panel widget widget_sow-image panel-first-child panel-last-child\" data-index=\"57\" ><div\n\t\t\t\n\t\t\tclass=\"so-widget-sow-image so-widget-sow-image-default-72463164d13f-30\"\n\t\t\t\n\t\t>\n\n<div class=\"sow-image-container\">\n\t\t<img decoding=\"async\" src=\"https:\/\/choriosa.ch\/wp-content\/uploads\/2017\/09\/20131215_Weihnachtskonzert-Flyer.jpg\" width=\"597\" height=\"774\" srcset=\"https:\/\/choriosa.ch\/wp-content\/uploads\/2017\/09\/20131215_Weihnachtskonzert-Flyer.jpg 597w, https:\/\/choriosa.ch\/wp-content\/uploads\/2017\/09\/20131215_Weihnachtskonzert-Flyer-231x300.jpg 231w\" sizes=\"auto, (max-width: 597px) 100vw, 597px\" alt=\"\" loading=\"lazy\" \t\tclass=\"so-widget-image\"\/>\n\t<\/div>\n\n<\/div><\/div><\/div><\/div><div id=\"pg-30-18\"  class=\"panel-grid panel-no-style\" ><div id=\"pgc-30-18-0\"  class=\"panel-grid-cell\" ><div id=\"panel-30-18-0-0\" class=\"so-panel widget widget_sow-editor panel-first-child panel-last-child\" data-index=\"58\" ><div\n\t\t\t\n\t\t\tclass=\"so-widget-sow-editor so-widget-sow-editor-base\"\n\t\t\t\n\t\t>\n<div class=\"siteorigin-widget-tinymce textwidget\">\n\t<p><strong>Nachtleben<\/strong><strong><br \/>\n<\/strong><\/p>\n<p>M\u00e4rz 2013<\/p>\n<\/div>\n<\/div><\/div><\/div><div id=\"pgc-30-18-1\"  class=\"panel-grid-cell\" ><div id=\"panel-30-18-1-0\" class=\"so-panel widget widget_sow-editor panel-first-child\" data-index=\"59\" ><div\n\t\t\t\n\t\t\tclass=\"so-widget-sow-editor so-widget-sow-editor-base\"\n\t\t\t\n\t\t>\n<div class=\"siteorigin-widget-tinymce textwidget\">\n\t<p><strong>von \u201eTraumNacht\u201c zu \"Nachtleben\"<\/strong><\/p>\n<p>Choriosa Basel \u201etr\u00e4umt\u201c und beschreitet so mit seinen S\u00e4ngerinnen und S\u00e4ngern einen neuen Weg in eine andersartige, spektakul\u00e4re Auff\u00fchrungsform. Der Basler Chor will das Publikum in eine gemeinsame Nacht voller Tr\u00e4ume, Poesie und konkrete Erlebnisse entf\u00fchren.<br \/>Der Handlungsstrang zieht sich durch eine Nacht und zeigt, was in dieser alles passiert. Verschiedene Songs und Szenen, die lose aneinander gef\u00fcgt werden, er\u00f6ffnen ein weites Spektrum verschiedener Emotionen: vom Abschied zweier Liebenden (Goodnight Sweetheart), \u00fcber eine Verzweiflungstat (Mamma, I just Killed a Man in Bohemian Rhapsody), zu tr\u00f6stlichen Momenten (Irgendwo auf der Welt), bis hin zu Trinkliedern (Tourdillon). Hinzu kommt die Geschichte eines Alleinstehenden, der nachts fernsieht (Buddy Biber). Aber auch das himm-lische Gute-Nacht-Gebet \u201eDenn er hat seinen Engeln befohlen\u201c von Felix Mendelssohn darf nicht fehlen.<\/p>\n<p>Begleitet wird Choriosa von der Jazz-Band D\u00fchsler Jazz Combo, das dem Projekt die n\u00f6tige musikalische W\u00fcrze verleiht.<\/p>\n<p>Choriosa freut sich, diese Vorf\u00fchrung mithilfe halbszenischer Inszenierung und verschiedener Materialien er-lebbar zu machen und auf die Hilfe der jungen, erfahrenen Theaterfrau Alice Therese Gottschalk B\u00f6hm z\u00e4hlen zu k\u00f6nnen. Einfache Effekte wie Stoffbahnen, die \u00fcber den K\u00f6pfen des Publikums h\u00e4ngen, oder Schattentheater lassen die Zuschauer mittr\u00e4umen.<\/p>\n<ul>\n<li><a href=\"http:\/\/choriosa.ch\/wp-content\/uploads\/2017\/10\/2013_Nachtleben_Kritik-bz.pdf\" target=\"_blank\" rel=\"noopener\">Kritik Nordwestschweiz vom 05.03.2013<\/a><\/li>\n<\/ul>\n<\/div>\n<\/div><\/div><div id=\"panel-30-18-1-1\" class=\"so-panel widget widget_sow-image panel-last-child\" data-index=\"60\" ><div\n\t\t\t\n\t\t\tclass=\"so-widget-sow-image so-widget-sow-image-default-72463164d13f-30\"\n\t\t\t\n\t\t>\n\n<div class=\"sow-image-container\">\n\t\t<img decoding=\"async\" src=\"https:\/\/choriosa.ch\/wp-content\/uploads\/2017\/09\/2013_Nachtleben-Traumnacht_klein.jpg\" width=\"990\" height=\"1320\" srcset=\"https:\/\/choriosa.ch\/wp-content\/uploads\/2017\/09\/2013_Nachtleben-Traumnacht_klein.jpg 990w, https:\/\/choriosa.ch\/wp-content\/uploads\/2017\/09\/2013_Nachtleben-Traumnacht_klein-225x300.jpg 225w, https:\/\/choriosa.ch\/wp-content\/uploads\/2017\/09\/2013_Nachtleben-Traumnacht_klein-768x1024.jpg 768w\" sizes=\"auto, (max-width: 990px) 100vw, 990px\" alt=\"\" loading=\"lazy\" \t\tclass=\"so-widget-image\"\/>\n\t<\/div>\n\n<\/div><\/div><\/div><div id=\"pgc-30-18-2\"  class=\"panel-grid-cell\" ><div id=\"panel-30-18-2-0\" class=\"so-panel widget widget_sow-image panel-first-child panel-last-child\" data-index=\"61\" ><div\n\t\t\t\n\t\t\tclass=\"so-widget-sow-image so-widget-sow-image-default-72463164d13f-30\"\n\t\t\t\n\t\t>\n\n<div class=\"sow-image-container\">\n\t\t<img decoding=\"async\" src=\"https:\/\/choriosa.ch\/wp-content\/uploads\/2017\/10\/2013_Nachtleben-flyer.jpg\" width=\"549\" height=\"776\" srcset=\"https:\/\/choriosa.ch\/wp-content\/uploads\/2017\/10\/2013_Nachtleben-flyer.jpg 549w, https:\/\/choriosa.ch\/wp-content\/uploads\/2017\/10\/2013_Nachtleben-flyer-212x300.jpg 212w\" sizes=\"auto, (max-width: 549px) 100vw, 549px\" alt=\"\" loading=\"lazy\" \t\tclass=\"so-widget-image\"\/>\n\t<\/div>\n\n<\/div><\/div><\/div><\/div><div id=\"pg-30-19\"  class=\"panel-grid panel-no-style\" ><div id=\"pgc-30-19-0\"  class=\"panel-grid-cell\" ><div id=\"panel-30-19-0-0\" class=\"so-panel widget widget_sow-editor panel-first-child panel-last-child\" data-index=\"62\" ><div\n\t\t\t\n\t\t\tclass=\"so-widget-sow-editor so-widget-sow-editor-base\"\n\t\t\t\n\t\t>\n<div class=\"siteorigin-widget-tinymce textwidget\">\n\t<p><strong>Advent<\/strong><strong><br \/><\/strong><\/p>\n<p>Dezember 2011<\/p>\n<\/div>\n<\/div><\/div><\/div><div id=\"pgc-30-19-1\"  class=\"panel-grid-cell\" ><div id=\"panel-30-19-1-0\" class=\"so-panel widget widget_sow-editor panel-first-child panel-last-child\" data-index=\"63\" ><div\n\t\t\t\n\t\t\tclass=\"so-widget-sow-editor so-widget-sow-editor-base\"\n\t\t\t\n\t\t>\n<div class=\"siteorigin-widget-tinymce textwidget\">\n\t<p><strong>Weihnachten mit Choriosa<br \/><\/strong><\/p>\n<p>Andreashaus, Keltenweg 41, Riehen<br \/>Leitung: Lukas Merkelbach<br \/>Klavier: Ioana Ilie<\/p>\n<\/div>\n<\/div><\/div><\/div><div id=\"pgc-30-19-2\"  class=\"panel-grid-cell\" ><div id=\"panel-30-19-2-0\" class=\"so-panel widget widget_sow-image panel-first-child panel-last-child\" data-index=\"64\" ><div\n\t\t\t\n\t\t\tclass=\"so-widget-sow-image so-widget-sow-image-default-72463164d13f-30\"\n\t\t\t\n\t\t>\n\n<div class=\"sow-image-container\">\n\t\t<img decoding=\"async\" src=\"https:\/\/choriosa.ch\/wp-content\/uploads\/2017\/09\/20111204_Weihnachtskonzert-Flyer.jpg\" width=\"994\" height=\"705\" srcset=\"https:\/\/choriosa.ch\/wp-content\/uploads\/2017\/09\/20111204_Weihnachtskonzert-Flyer.jpg 994w, https:\/\/choriosa.ch\/wp-content\/uploads\/2017\/09\/20111204_Weihnachtskonzert-Flyer-300x213.jpg 300w, https:\/\/choriosa.ch\/wp-content\/uploads\/2017\/09\/20111204_Weihnachtskonzert-Flyer-768x545.jpg 768w\" sizes=\"auto, (max-width: 994px) 100vw, 994px\" alt=\"\" loading=\"lazy\" \t\tclass=\"so-widget-image\"\/>\n\t<\/div>\n\n<\/div><\/div><\/div><\/div><div id=\"pg-30-20\"  class=\"panel-grid panel-no-style\" ><div id=\"pgc-30-20-0\"  class=\"panel-grid-cell\" ><div id=\"panel-30-20-0-0\" class=\"so-panel widget widget_sow-editor panel-first-child panel-last-child\" data-index=\"65\" ><div\n\t\t\t\n\t\t\tclass=\"so-widget-sow-editor so-widget-sow-editor-base\"\n\t\t\t\n\t\t>\n<div class=\"siteorigin-widget-tinymce textwidget\">\n\t<p><strong>Paukenmesse<\/strong><strong><br \/><\/strong><\/p>\n<p>Mai 2011<\/p>\n<\/div>\n<\/div><\/div><\/div><div id=\"pgc-30-20-1\"  class=\"panel-grid-cell\" ><div id=\"panel-30-20-1-0\" class=\"so-panel widget widget_sow-editor panel-first-child panel-last-child\" data-index=\"66\" ><div\n\t\t\t\n\t\t\tclass=\"so-widget-sow-editor so-widget-sow-editor-base\"\n\t\t\t\n\t\t>\n<div class=\"siteorigin-widget-tinymce textwidget\">\n\t<p><strong>Choriosa &amp; C\u00e4cilienchor Aesch<br \/><\/strong><\/p>\n<p>Anl\u00e4sslich des Jubil\u00e4umskonzertes des C\u00e4cilienchores Aesch wird Choriosa Basel herzlich eingeladen, bei der 'missa in tempore belli' von Joseph Haydn \"mitzupauken\".<\/p>\n<p>Katholische Kirche Aesch<br \/>Leitung: Michael Schaub<\/p>\n<\/div>\n<\/div><\/div><\/div><div id=\"pgc-30-20-2\"  class=\"panel-grid-cell\" ><div id=\"panel-30-20-2-0\" class=\"so-panel widget widget_sow-image panel-first-child panel-last-child\" data-index=\"67\" ><div\n\t\t\t\n\t\t\tclass=\"so-widget-sow-image so-widget-sow-image-default-72463164d13f-30\"\n\t\t\t\n\t\t>\n\n<div class=\"sow-image-container\">\n\t\t<img decoding=\"async\" src=\"https:\/\/choriosa.ch\/wp-content\/uploads\/2017\/09\/20110522_Paukenmesse-Haydn-Flyer.jpg\" width=\"577\" height=\"408\" srcset=\"https:\/\/choriosa.ch\/wp-content\/uploads\/2017\/09\/20110522_Paukenmesse-Haydn-Flyer.jpg 577w, https:\/\/choriosa.ch\/wp-content\/uploads\/2017\/09\/20110522_Paukenmesse-Haydn-Flyer-300x212.jpg 300w\" sizes=\"auto, (max-width: 577px) 100vw, 577px\" alt=\"\" loading=\"lazy\" \t\tclass=\"so-widget-image\"\/>\n\t<\/div>\n\n<\/div><\/div><\/div><\/div><div id=\"pg-30-21\"  class=\"panel-grid panel-no-style\" ><div id=\"pgc-30-21-0\"  class=\"panel-grid-cell\" ><div id=\"panel-30-21-0-0\" class=\"so-panel widget widget_sow-editor panel-first-child panel-last-child\" data-index=\"68\" ><div\n\t\t\t\n\t\t\tclass=\"so-widget-sow-editor so-widget-sow-editor-base\"\n\t\t\t\n\t\t>\n<div class=\"siteorigin-widget-tinymce textwidget\">\n\t<p><strong>Advent<\/strong><strong><br \/><\/strong><\/p>\n<p>Dezember 2010<\/p>\n<\/div>\n<\/div><\/div><\/div><div id=\"pgc-30-21-1\"  class=\"panel-grid-cell\" ><div id=\"panel-30-21-1-0\" class=\"so-panel widget widget_sow-editor panel-first-child panel-last-child\" data-index=\"69\" ><div\n\t\t\t\n\t\t\tclass=\"so-widget-sow-editor so-widget-sow-editor-base\"\n\t\t\t\n\t\t>\n<div class=\"siteorigin-widget-tinymce textwidget\">\n\t<p><strong>Weihnachten mit Choriosa<br \/><\/strong><\/p>\n<p>Pfarreisaal, Allerheiligenkirche Basel<br \/>Leitung: Lukas Merkelbach<\/p>\n<\/div>\n<\/div><\/div><\/div><div id=\"pgc-30-21-2\"  class=\"panel-grid-cell\" ><div id=\"panel-30-21-2-0\" class=\"so-panel widget widget_sow-image panel-first-child panel-last-child\" data-index=\"70\" ><div\n\t\t\t\n\t\t\tclass=\"so-widget-sow-image so-widget-sow-image-default-72463164d13f-30\"\n\t\t\t\n\t\t>\n\n<div class=\"sow-image-container\">\n\t\t<img decoding=\"async\" src=\"https:\/\/choriosa.ch\/wp-content\/uploads\/2017\/09\/20101219_Weihnachtskonzert-Flyer.jpg\" width=\"1091\" height=\"774\" srcset=\"https:\/\/choriosa.ch\/wp-content\/uploads\/2017\/09\/20101219_Weihnachtskonzert-Flyer.jpg 1091w, https:\/\/choriosa.ch\/wp-content\/uploads\/2017\/09\/20101219_Weihnachtskonzert-Flyer-300x213.jpg 300w, https:\/\/choriosa.ch\/wp-content\/uploads\/2017\/09\/20101219_Weihnachtskonzert-Flyer-768x545.jpg 768w, https:\/\/choriosa.ch\/wp-content\/uploads\/2017\/09\/20101219_Weihnachtskonzert-Flyer-1024x726.jpg 1024w\" sizes=\"auto, (max-width: 1091px) 100vw, 1091px\" alt=\"\" loading=\"lazy\" \t\tclass=\"so-widget-image\"\/>\n\t<\/div>\n\n<\/div><\/div><\/div><\/div><div id=\"pg-30-22\"  class=\"panel-grid panel-no-style\" ><div id=\"pgc-30-22-0\"  class=\"panel-grid-cell\" ><div id=\"panel-30-22-0-0\" class=\"so-panel widget widget_sow-editor panel-first-child panel-last-child\" data-index=\"71\" ><div\n\t\t\t\n\t\t\tclass=\"so-widget-sow-editor so-widget-sow-editor-base\"\n\t\t\t\n\t\t>\n<div class=\"siteorigin-widget-tinymce textwidget\">\n\t<p><strong>Gloria in D<\/strong><strong><br \/>\n<\/strong><\/p>\n<p>Mai 2010<\/p>\n<\/div>\n<\/div><\/div><\/div><div id=\"pgc-30-22-1\"  class=\"panel-grid-cell\" ><div id=\"panel-30-22-1-0\" class=\"so-panel widget widget_sow-editor panel-first-child\" data-index=\"72\" ><div\n\t\t\t\n\t\t\tclass=\"so-widget-sow-editor so-widget-sow-editor-base\"\n\t\t\t\n\t\t>\n<div class=\"siteorigin-widget-tinymce textwidget\">\n\t<p><strong>Vivaldi reist nach Venedig<br \/><\/strong><\/p>\n<p>Dank Verbindungen von Silvia Wipf konnte das \"himmlisch geistliche\" Konzertprogramm nicht nur in Basel und Schwanden (GL) aufgef\u00fchrt werden:<br \/>Choriosa Basel trat eine grosse Reise nach Venedig an.<\/p>\n<p>Am Festival Musica Sacra vom\u00a013. bis 16. Mai 2010 in Jesolo durfte Antonio Vivaldis Gloria in D nochmals erklingen, begleitet vom rum\u00e4nschen Orchester \"Petru Ghenghea\" unter der Leitung von Andrei Iliescu.<\/p>\n<p>Das Konzert war zugleich der erfolgreiche Abschluss der Chorleiter-Bachelorarbeit von unserem Dirigenten Lukas Merkelbach - ganz herzliche Gratulation!<\/p>\n<\/div>\n<\/div><\/div><div id=\"panel-30-22-1-1\" class=\"so-panel widget widget_sow-editor\" data-index=\"73\" ><div\n\t\t\t\n\t\t\tclass=\"so-widget-sow-editor so-widget-sow-editor-base\"\n\t\t\t\n\t\t>\n<div class=\"siteorigin-widget-tinymce textwidget\">\n\t<p><iframe loading=\"lazy\" src=\"https:\/\/www.youtube.com\/embed\/c0m0O6sVQBQ?autoplay=0&start=295&end=597\" width=\"350\" height=\"200\" frameborder=\"0\" allowfullscreen=\"allowfullscreen\"><\/iframe><\/p>\n<p><strong>Video Konzertreise Venedig<\/strong> von Hermann Helbig am 09.09.2017 ver\u00f6ffentlicht<br \/>\nAuftritt Choriosa: ab Minute 4:55<\/p>\n<\/div>\n<\/div><\/div><div id=\"panel-30-22-1-2\" class=\"so-panel widget widget_sow-editor\" data-index=\"74\" ><div\n\t\t\t\n\t\t\tclass=\"so-widget-sow-editor so-widget-sow-editor-base\"\n\t\t\t\n\t\t>\n<div class=\"siteorigin-widget-tinymce textwidget\">\n\t<p><iframe loading=\"lazy\" src=\"https:\/\/player.vimeo.com\/video\/11953770\" width=\"350\" height=\"200\" frameborder=\"0\" allowfullscreen=\"allowfullscreen\"><\/iframe><\/p>\n<p><strong>Video Venezia - Dolce Vita<\/strong> von Samuel Merz<\/p>\n<\/div>\n<\/div><\/div><div id=\"panel-30-22-1-3\" class=\"so-panel widget widget_sow-editor panel-last-child\" data-index=\"75\" ><div\n\t\t\t\n\t\t\tclass=\"so-widget-sow-editor so-widget-sow-editor-base\"\n\t\t\t\n\t\t>\n<div class=\"siteorigin-widget-tinymce textwidget\">\n\t<p><a href=\"http:\/\/choriosa.ch\/wp-content\/uploads\/2017\/10\/2013_Nachtleben_Kritik-bz.pdf\" target=\"_blank\" rel=\"noopener\"><\/a><\/p>\n<\/div>\n<\/div><\/div><\/div><div id=\"pgc-30-22-2\"  class=\"panel-grid-cell\" ><div id=\"panel-30-22-2-0\" class=\"so-panel widget widget_sow-image panel-first-child panel-last-child\" data-index=\"76\" ><div\n\t\t\t\n\t\t\tclass=\"so-widget-sow-image so-widget-sow-image-default-72463164d13f-30\"\n\t\t\t\n\t\t>\n\n<div class=\"sow-image-container\">\n\t\t<img decoding=\"async\" src=\"https:\/\/choriosa.ch\/wp-content\/uploads\/2017\/09\/20100418_Vivaldi-Flyer.jpg\" width=\"541\" height=\"764\" srcset=\"https:\/\/choriosa.ch\/wp-content\/uploads\/2017\/09\/20100418_Vivaldi-Flyer.jpg 541w, https:\/\/choriosa.ch\/wp-content\/uploads\/2017\/09\/20100418_Vivaldi-Flyer-212x300.jpg 212w\" sizes=\"auto, (max-width: 541px) 100vw, 541px\" alt=\"\" loading=\"lazy\" \t\tclass=\"so-widget-image\"\/>\n\t<\/div>\n\n<\/div><\/div><\/div><\/div><\/div>","protected":false},"excerpt":{"rendered":"<p>Lieeder &amp; Leckereien Mai 2025 Choriosa tischt auf &#8211; Lieder &amp; Leckereien mit dem Kleinbasler Kammerchor und SoNett Samstag 24. Mai 2025, 18.45h Leitung: Yves Neuhaus Ort: kath. Kirchgemeindezentrum Binningen (Margarethenstrasse 32) Kollekte k Gestaltung Flyer: Margarete Polus Max &amp;<\/p>\n","protected":false},"author":1,"featured_media":0,"parent":0,"menu_order":0,"comment_status":"closed","ping_status":"closed","template":"","meta":{"footnotes":""},"class_list":["post-30","page","type-page","status-publish","hentry"],"_links":{"self":[{"href":"https:\/\/choriosa.ch\/index.php?rest_route=\/wp\/v2\/pages\/30","targetHints":{"allow":["GET"]}}],"collection":[{"href":"https:\/\/choriosa.ch\/index.php?rest_route=\/wp\/v2\/pages"}],"about":[{"href":"https:\/\/choriosa.ch\/index.php?rest_route=\/wp\/v2\/types\/page"}],"author":[{"embeddable":true,"href":"https:\/\/choriosa.ch\/index.php?rest_route=\/wp\/v2\/users\/1"}],"replies":[{"embeddable":true,"href":"https:\/\/choriosa.ch\/index.php?rest_route=%2Fwp%2Fv2%2Fcomments&post=30"}],"version-history":[{"count":258,"href":"https:\/\/choriosa.ch\/index.php?rest_route=\/wp\/v2\/pages\/30\/revisions"}],"predecessor-version":[{"id":3536,"href":"https:\/\/choriosa.ch\/index.php?rest_route=\/wp\/v2\/pages\/30\/revisions\/3536"}],"wp:attachment":[{"href":"https:\/\/choriosa.ch\/index.php?rest_route=%2Fwp%2Fv2%2Fmedia&parent=30"}],"curies":[{"name":"wp","href":"https:\/\/api.w.org\/{rel}","templated":true}]}}